{"id":8342,"date":"2024-02-05T16:24:13","date_gmt":"2024-02-05T15:24:13","guid":{"rendered":"https:\/\/www.elke-groeger.de\/selbstfuehrung\/?page_id=8342"},"modified":"2025-12-26T12:24:56","modified_gmt":"2025-12-26T11:24:56","slug":"seminare-workshops","status":"publish","type":"page","link":"https:\/\/www.elke-groeger.de\/selbstfuehrung\/seminare-workshops\/","title":{"rendered":"Seminare \u2014 Workshops"},"content":{"rendered":"<div class=\"wpb-content-wrapper\">[vc_row css_animation=\u201d\u201d row_type=\u201crow\u201d use_row_as_full_screen_section=\u201cno\u201d type=\u201cgrid\u201d angled_section=\u201cno\u201d text_align=\u201cleft\u201d background_image_as_pattern=\u201cwithout_pattern\u201d z_index=\u201c\u201d][vc_column][vc_empty_space height=\u201c18px\u201d][vc_empty_space height=\u201c18px\u201d][vc_column_inner width=\u201c1\/4\u201d][\/vc_column_inner][vc_column_inner width=\u201c3\/4\u201d][\/vc_column_inner][\/vc_column][\/vc_row][vc_row css_animation=\u201d\u201d row_type=\u201crow\u201d use_row_as_full_screen_section=\u201cno\u201d type=\u201cgrid\u201d angled_section=\u201cno\u201d text_align=\u201cleft\u201d background_image_as_pattern=\u201cwithout_pattern\u201d z_index=\u201c\u201d][vc_column][vc_column_text]\n<h1 style=\"text-align: center;\"><span style=\"font-size: 24pt; color: #30a1b1;\">Gesamtprogramm f\u00fcr motivierte Mitarbeitende und leistungsf\u00e4hige Teams<\/span><\/h1>\n[\/vc_column_text][vc_empty_space height=\u201c18px\u201d][vc_empty_space height=\u201c18px\u201d][vc_separator type=\u201cnormal\u201d color=\u201d#f05e0a\u201d][vc_empty_space height=\u201c18px\u201d][vc_empty_space height=\u201c18px\u201d][vc_single_image image=\u201c8302\u201d img_size=\u201clarge\u201d alignment=\u201ccenter\u201d onclick=\u201cimg_link_large\u201d qode_css_animation=\u201c\u201d][vc_empty_space height=\u201c30px\u201d css=\u201d.vc_custom_1707145777790{padding-top: 30px !important;}\u201d][vc_empty_space height=\u201c18px\u201d][vc_column_inner width=\u201c1\/4\u201d][\/vc_column_inner][vc_column_inner width=\u201c3\/4\u201d][\/vc_column_inner][\/vc_column][\/vc_row][vc_row css_animation=\u201d\u201d row_type=\u201crow\u201d use_row_as_full_screen_section=\u201cno\u201d type=\u201cgrid\u201d angled_section=\u201cno\u201d text_align=\u201cleft\u201d background_image_as_pattern=\u201cwithout_pattern\u201d z_index=\u201c\u201d][vc_column][vc_column_text]\n<h2 style=\"text-align: center;\">Seminare f\u00fcr F\u00fchrungskr\u00e4fte und Mitarbeiter<\/h2>\n[\/vc_column_text][vc_empty_space height=\u201c18px\u201d][vc_column_text]\n<h3 style=\"text-align: center;\">Zur Entwicklung und F\u00f6rderung von Selbstf\u00fchrung und Selbstcoaching<\/h3>\n[\/vc_column_text][vc_empty_space height=\u201c18px\u201d][vc_separator type=\u201cnormal\u201d color=\u201d#f05e0a\u201d][vc_empty_space height=\u201c18px\u201d][vc_empty_space height=\u201c18px\u201d][vc_column_text]\n<p style=\"text-align: center;\"><span style=\"font-size: 12pt;\"><strong>Alle Vari\u00adan\u00adten sind sehr pra\u00adxis\u00adori\u00aden\u00adtiert aufgebaut.<\/strong><br>\nVor\u00adteil 1 Tag: fokus\u00adsier\u00adte Ver\u00admitt\u00adlung der Inhalte<br>\nVor\u00adteil 2 Tage: h\u00f6he\u00adrer Anteil an prak\u00adti\u00adschen \u00dcbungen<\/span><\/p>\n[\/vc_column_text][vc_empty_space height=\u201c18px\u201d][vc_column_text]\n<p style=\"text-align: center;\"><span style=\"font-size: 12pt;\"><strong>Ort: inhouse<\/strong><\/span><\/p>\n[\/vc_column_text][vc_empty_space height=\u201c18px\u201d][vc_empty_space height=\u201c18px\u201d][vc_empty_space height=\u201c18px\u201d][vc_column_inner width=\u201c1\/4\u201d][\/vc_column_inner][vc_column_inner width=\u201c3\/4\u201d][\/vc_column_inner][\/vc_column][\/vc_row][vc_row css_animation=\u201d\u201d row_type=\u201crow\u201d use_row_as_full_screen_section=\u201cno\u201d type=\u201cgrid\u201d angled_section=\u201cno\u201d text_align=\u201cleft\u201d background_image_as_pattern=\u201cwithout_pattern\u201d z_index=\u201c\u201d][vc_column width=\u201c1\/3\u201d][vc_row_inner row_type=\u201crow\u201d use_as_box=\u201cuse_row_as_box\u201d type=\u201cfull_width\u201d text_align=\u201cleft\u201d row_negative_margin=\u201cdisable_negative_margin\u201d css_animation=\u201d\u201d background_color=\u201c#f5f2f0\u201d][vc_column_inner css=\u201d.vc_custom_1520174817013{border-radius: 2px !important;}\u201d][vc_text_separator title=\u201cAchtsamkeit f\u00fcr alle\u201d border=\u201cno\u201d title_color=\u201d#ffffff\u201d background_color=\u201d#f05e0a\u201d][vc_empty_space height=\u201c18px\u201d][vc_empty_space height=\u201c18px\u201d][vc_column_text]\n<p style=\"text-align: center;\"><strong><span style=\"font-size: 12pt; color: #30a1b1;\">Acht\u00adsam\u00adkeit erle\u00adben und&nbsp;leben&nbsp;\u2013&nbsp;<\/span><\/strong><\/p>\n[\/vc_column_text][vc_column_text]\n<p style=\"text-align: center;\"><strong><span style=\"font-size: 12pt; color: #30a1b1;\">die Basis guter Selbstf\u00fchrung<\/span><\/strong><\/p>\n[\/vc_column_text][vc_empty_space height=\u201c18px\u201d][vc_empty_space height=\u201c18px\u201d][vc_column_text]\n<p style=\"text-align: justify;\"><strong><span style=\"font-size: 10pt;\">Acht\u00adsam\u00adkeit ist die Basis, um sich selbst bes\u00adser ken\u00adnen zu ler\u00adnen. Mit einer Bewusst\u00adheit f\u00fcr die eige\u00adnen Wahr\u00adneh\u00admun\u00adgen und Bed\u00fcrf\u00adnis\u00adse k\u00f6n\u00adnen die ste\u00adtig zuneh\u00admen\u00adden Her\u00adaus\u00adfor\u00adde\u00adrun\u00adgen in Arbeits- und Pri\u00advat\u00adle\u00adben sou\u00adve\u00adr\u00e4n gemeis\u00adtert werden.<\/span><\/strong><\/p>\n[\/vc_column_text][vc_empty_space height=\u201c18px\u201d][vc_empty_space height=\u201c18px\u201d]<div class=\"q_icon_with_title tiny normal_icon left_from_title \"><div class=\"icon_text_holder\" style><div class=\"icon_text_inner\" style><div class=\"icon_title_holder\"><div class=\"icon_holder \" style=\" \"><span data-icon-type=\"normal\" class=\"qode_iwt_icon_holder q_font_awsome_icon fa-lg  \"><i class=\"qode_icon_font_awesome fa fa-caret-right qode_iwt_icon_element\" style=\"color: #04263f\"><\/i><\/span><\/div><h6 class=\"icon_title\" style=\"color: #04263f;font-weight: 400;\">Tools zur Selbstbeobachtung und \u2011wahrnehmung<\/h6><\/div><p style><\/p><\/div><\/div><\/div><div class=\"q_icon_with_title tiny normal_icon left_from_title \"><div class=\"icon_text_holder\" style><div class=\"icon_text_inner\" style><div class=\"icon_title_holder\"><div class=\"icon_holder \" style=\" \"><span data-icon-type=\"normal\" class=\"qode_iwt_icon_holder q_font_awsome_icon fa-lg  \"><i class=\"qode_icon_font_awesome fa fa-caret-right qode_iwt_icon_element\" style=\"color: #04263f\"><\/i><\/span><\/div><h6 class=\"icon_title\" style=\"color: #04263f;font-weight: 400;\">Stresssymptomen bewusst vorbeugen<\/h6><\/div><p style><\/p><\/div><\/div><\/div><div class=\"q_icon_with_title tiny normal_icon left_from_title \"><div class=\"icon_text_holder\" style><div class=\"icon_text_inner\" style><div class=\"icon_title_holder\"><div class=\"icon_holder \" style=\" \"><span data-icon-type=\"normal\" class=\"qode_iwt_icon_holder q_font_awsome_icon fa-lg  \"><i class=\"qode_icon_font_awesome fa fa-caret-right qode_iwt_icon_element\" style=\"color: #04263f\"><\/i><\/span><\/div><h6 class=\"icon_title\" style=\"color: #04263f;font-weight: 400;\">F\u00fcr mehr innere Balance, Gelassenheit und Stabilit\u00e4t<\/h6><\/div><p style><\/p><\/div><\/div><\/div><p style=\"text-align: center;\"><strong><span style=\"font-size: 12pt; color: #30a1b1;\">Gute Selbst\u00adf\u00fch\u00adrung \u2013&nbsp;<\/span><\/strong><\/p>\n[\/vc_column_text][vc_column_text]\n<p style=\"text-align: center;\"><strong><span style=\"font-size: 12pt; color: #30a1b1;\">kon\u00adstruk\u00adtiv und sou\u00adve\u00adr\u00e4n handeln<\/span><\/strong><\/p>\n[\/vc_column_text][vc_empty_space height=\u201c18px\u201d][vc_empty_space height=\u201c18px\u201d][vc_column_text]\n<p style=\"text-align: justify;\"><strong><span style=\"color: #04263f; font-size: 10pt;\">Reflek\u00adtier\u00adte Selbst\u00adf\u00fch\u00adrung ist die bewuss\u00adte Akti\u00advie\u00adrung, Steue\u00adrung und Kon\u00adtrol\u00adle psy\u00adchi\u00adscher Pro\u00adzes\u00adse. Das Semi\u00adnar f\u00fchrt zu inne\u00adrer Klar\u00adheit, Gelas\u00adsen\u00adheit und Sta\u00adbi\u00adli\u00adt\u00e4t und st\u00e4rkt den Umgang mit schwie\u00adri\u00adgen Situa\u00adtio\u00adnen und Ver\u00e4nderungsprozessen.<\/span><\/strong><\/p>\n[\/vc_column_text][vc_empty_space height=\u201c18px\u201d][vc_empty_space height=\u201c18px\u201d]<div class=\"q_icon_with_title tiny normal_icon left_from_title \"><div class=\"icon_text_holder\" style><div class=\"icon_text_inner\" style><div class=\"icon_title_holder\"><div class=\"icon_holder \" style=\" \"><span data-icon-type=\"normal\" class=\"qode_iwt_icon_holder q_font_awsome_icon fa-lg  \"><i class=\"qode_icon_font_awesome fa fa-caret-right qode_iwt_icon_element\" style=\"color: #04263f\"><\/i><\/span><\/div><h6 class=\"icon_title\" style=\"color: #04263f;font-weight: 400;\">Gute Selbstf\u00fchrung \u2013 der TOP-Erfolgsfaktor f\u00fcr Gesundheit und Leistungsf\u00e4higkeit<\/h6><\/div><p style><\/p><\/div><\/div><\/div><div class=\"q_icon_with_title tiny normal_icon left_from_title \"><div class=\"icon_text_holder\" style><div class=\"icon_text_inner\" style><div class=\"icon_title_holder\"><div class=\"icon_holder \" style=\" \"><span data-icon-type=\"normal\" class=\"qode_iwt_icon_holder q_font_awsome_icon fa-lg  \"><i class=\"qode_icon_font_awesome fa fa-caret-right qode_iwt_icon_element\" style=\"color: #04263f\"><\/i><\/span><\/div><h6 class=\"icon_title\" style=\"color: #04263f;font-weight: 400;\">Klarheit f\u00fcr das eigene Verhalten, Entscheiden und Handeln<\/h6><\/div><p style><\/p><\/div><\/div><\/div><div class=\"q_icon_with_title tiny normal_icon left_from_title \"><div class=\"icon_text_holder\" style><div class=\"icon_text_inner\" style><div class=\"icon_title_holder\"><div class=\"icon_holder \" style=\" \"><span data-icon-type=\"normal\" class=\"qode_iwt_icon_holder q_font_awsome_icon fa-lg  \"><i class=\"qode_icon_font_awesome fa fa-caret-right qode_iwt_icon_element\" style=\"color: #04263f\"><\/i><\/span><\/div><h6 class=\"icon_title\" style=\"color: #04263f;font-weight: 400;\">L\u00f6sungsorientierte Selbstcoaching-Techniken f\u00fcr einen nachhaltigen Transfer in den Alltag<\/h6><\/div><p style><\/p><\/div><\/div><\/div><p style=\"text-align: center;\"><strong><span style=\"font-size: 12pt; color: #30a1b1;\">Selbst\u00adf\u00fch\u00adrung zur Burnout-Pr\u00e4vention&nbsp;\u2013&nbsp;<\/span><\/strong><\/p>\n[\/vc_column_text][vc_column_text]\n<p style=\"text-align: center;\"><strong><span style=\"font-size: 12pt; color: #30a1b1;\">Burn\u00adout erken\u00adnen, ver\u00adste\u00adhen, vorbeugen<\/span><\/strong><\/p>\n[\/vc_column_text][vc_empty_space height=\u201c18px\u201d][vc_empty_space height=\u201c18px\u201d][vc_column_text]\n<p style=\"text-align: justify;\"><strong><span style=\"color: #04263f; font-size: 10pt;\">Stress \u2013 \u00dcber\u00adlas\u00adtung \u2013 Ersch\u00f6p\u00adfung \u2013 Burn\u00adout-Syn\u00addrom. Eine Abw\u00e4rts\u00adspi\u00adra\u00adle, aus der immer mehr Men\u00adschen nicht mehr von allei\u00adne her\u00adaus\u00adfin\u00adden. Fr\u00fch\u00adzei\u00adti\u00adges Erken\u00adnen geh\u00f6rt zu guter Selbst\u00adf\u00fch\u00adrung und erm\u00f6g\u00adlicht ein geziel\u00adtes Gegensteuern!<\/span><\/strong><\/p>\n[\/vc_column_text][vc_empty_space height=\u201c18px\u201d][vc_empty_space height=\u201c18px\u201d]<div class=\"q_icon_with_title tiny normal_icon left_from_title \"><div class=\"icon_text_holder\" style><div class=\"icon_text_inner\" style><div class=\"icon_title_holder\"><div class=\"icon_holder \" style=\" \"><span data-icon-type=\"normal\" class=\"qode_iwt_icon_holder q_font_awsome_icon fa-lg  \"><i class=\"qode_icon_font_awesome fa fa-caret-right qode_iwt_icon_element\" style=\"color: #04263f\"><\/i><\/span><\/div><h6 class=\"icon_title\" style=\"color: #04263f;font-weight: 400;\">Sensibilisieren f\u00fcr die Burnout-Symptomatik und L\u00f6sungswege<\/h6><\/div><p style><\/p><\/div><\/div><\/div><div class=\"q_icon_with_title tiny normal_icon left_from_title \"><div class=\"icon_text_holder\" style><div class=\"icon_text_inner\" style><div class=\"icon_title_holder\"><div class=\"icon_holder \" style=\" \"><span data-icon-type=\"normal\" class=\"qode_iwt_icon_holder q_font_awsome_icon fa-lg  \"><i class=\"qode_icon_font_awesome fa fa-caret-right qode_iwt_icon_element\" style=\"color: #04263f\"><\/i><\/span><\/div><h6 class=\"icon_title\" style=\"color: #04263f;font-weight: 400;\">Wichtige Erkenntnisse aus der Gehirnforschung<\/h6><\/div><p style><\/p><\/div><\/div><\/div><div class=\"q_icon_with_title tiny normal_icon left_from_title \"><div class=\"icon_text_holder\" style><div class=\"icon_text_inner\" style><div class=\"icon_title_holder\"><div class=\"icon_holder \" style=\" \"><span data-icon-type=\"normal\" class=\"qode_iwt_icon_holder q_font_awsome_icon fa-lg  \"><i class=\"qode_icon_font_awesome fa fa-caret-right qode_iwt_icon_element\" style=\"color: #04263f\"><\/i><\/span><\/div><h6 class=\"icon_title\" style=\"color: #04263f;font-weight: 400;\">Erarbeiten individueller Bew\u00e4ltigungsstrategien<\/h6><\/div><p style><\/p><\/div><\/div><\/div><p style=\"text-align: center;\"><strong><span style=\"font-size: 12pt; color: #30a1b1;\">Sou\u00adve\u00adr\u00e4\u00adnes Stress-Management&nbsp;\u2013&nbsp;<\/span><\/strong><\/p>\n[\/vc_column_text][vc_column_text]\n<p style=\"text-align: center;\"><strong><span style=\"font-size: 12pt; color: #30a1b1;\">leis\u00adtungs\u00adstark und gesund bleiben<\/span><\/strong><\/p>\n[\/vc_column_text][vc_empty_space height=\u201c18px\u201d][vc_empty_space height=\u201c18px\u201d][vc_column_text]\n<p style=\"text-align: justify;\"><strong><span style=\"font-size: 10pt; color: #04263f;\">Stress ist all\u00adge\u00adgen\u00adw\u00e4r\u00adtig. Chro\u00adni\u00adscher Stress ist <span class=\"caps\">DER<\/span> Krank\u00adma\u00adcher und Ver\u00adur\u00adsa\u00adcher einer gan\u00adzen Rei\u00adhe von k\u00f6r\u00adper\u00adli\u00adchen und psy\u00adchi\u00adschen Erkran\u00adkun\u00adgen, die die Arbeits\u00adf\u00e4\u00adhig\u00adkeit der Betrof\u00adfe\u00adnen stark ein\u00adschr\u00e4n\u00adken und die Lebens\u00adqua\u00adli\u00adt\u00e4t min\u00addern \u2013 f\u00fcr Unter\u00adneh\u00admen ein erheb\u00adli\u00adcher Kostenfaktor.&nbsp;<\/span><\/strong><\/p>\n[\/vc_column_text][vc_empty_space height=\u201c18px\u201d]<div class=\"q_icon_with_title tiny normal_icon left_from_title \"><div class=\"icon_text_holder\" style><div class=\"icon_text_inner\" style><div class=\"icon_title_holder\"><div class=\"icon_holder \" style=\" \"><span data-icon-type=\"normal\" class=\"qode_iwt_icon_holder q_font_awsome_icon fa-lg  \"><i class=\"qode_icon_font_awesome fa fa-caret-right qode_iwt_icon_element\" style=\"color: #04263f\"><\/i><\/span><\/div><h6 class=\"icon_title\" style=\"color: #04263f;font-weight: 400;\">Hintergr\u00fcnde aus der Gehirnforschung zur Entstehung von Stress<\/h6><\/div><p style><\/p><\/div><\/div><\/div><div class=\"q_icon_with_title tiny normal_icon left_from_title \"><div class=\"icon_text_holder\" style><div class=\"icon_text_inner\" style><div class=\"icon_title_holder\"><div class=\"icon_holder \" style=\" \"><span data-icon-type=\"normal\" class=\"qode_iwt_icon_holder q_font_awsome_icon fa-lg  \"><i class=\"qode_icon_font_awesome fa fa-caret-right qode_iwt_icon_element\" style=\"color: #04263f\"><\/i><\/span><\/div><h6 class=\"icon_title\" style=\"color: #04263f;font-weight: 400;\">Die pers\u00f6nliche Stressdisposition \u2014 Ans\u00e4tze zu Stressbew\u00e4ltigung und \u2011reduktion<\/h6><\/div><p style><\/p><\/div><\/div><\/div><div class=\"q_icon_with_title tiny normal_icon left_from_title \"><div class=\"icon_text_holder\" style><div class=\"icon_text_inner\" style><div class=\"icon_title_holder\"><div class=\"icon_holder \" style=\" \"><span data-icon-type=\"normal\" class=\"qode_iwt_icon_holder q_font_awsome_icon fa-lg  \"><i class=\"qode_icon_font_awesome fa fa-caret-right qode_iwt_icon_element\" style=\"color: #04263f\"><\/i><\/span><\/div><h6 class=\"icon_title\" style=\"color: #04263f;font-weight: 400;\">Multimodales Stress-Management auf 5 Ebenen<\/h6><\/div><p style><\/p><\/div><\/div><\/div><p style=\"text-align: center;\"><strong><span style=\"font-size: 12pt; color: #30a1b1;\">Acht\u00adsam kommunizieren&nbsp;\u2013&nbsp;<\/span><\/strong><\/p>\n[\/vc_column_text][vc_column_text]\n<p style=\"text-align: center;\"><strong><span style=\"font-size: 12pt; color: #30a1b1;\">Selbst\u00adf\u00fch\u00adrung f\u00fcr kon\u00adstruk\u00adti\u00adve Ergebnisse<\/span><\/strong><\/p>\n[\/vc_column_text][vc_empty_space height=\u201c18px\u201d][vc_empty_space height=\u201c18px\u201d][vc_column_text]\n<p style=\"text-align: justify;\"><strong><span style=\"font-size: 10pt; color: #04263f;\">Acht\u00adsam und kon\u00adstruk\u00adtiv kom\u00admu\u00adni\u00adzie\u00adren bedeu\u00adtet gelun\u00adgen kom\u00admu\u00adni\u00adzie\u00adren f\u00fcr eine erfolg\u00adrei\u00adche Zusam\u00admen\u00adar\u00adbeit.&nbsp;<\/span><span style=\"font-size: 10pt; color: #04263f;\">Klar\u00adheit vor allem auf der emo\u00adtio\u00adna\u00adlen Ebe\u00adne erm\u00f6g\u00adlicht es uns, die dahin\u00adter\u00adlie\u00adgen\u00adden Mecha\u00adnis\u00admen zu ver\u00adste\u00adhen und gezielt zu kon\u00adstruk\u00adti\u00adven L\u00f6sun\u00adgen zu gelangen.<\/span><\/strong><\/p>\n[\/vc_column_text][vc_empty_space height=\u201c18px\u201d]<div class=\"q_icon_with_title tiny normal_icon left_from_title \"><div class=\"icon_text_holder\" style><div class=\"icon_text_inner\" style><div class=\"icon_title_holder\"><div class=\"icon_holder \" style=\" \"><span data-icon-type=\"normal\" class=\"qode_iwt_icon_holder q_font_awsome_icon fa-lg  \"><i class=\"qode_icon_font_awesome fa fa-caret-right qode_iwt_icon_element\" style=\"color: #04263f\"><\/i><\/span><\/div><h6 class=\"icon_title\" style=\"color: #04263f;font-weight: 400;\">Wie Emotionen und Bed\u00fcrfnisse die Wahrnehmung und die Kommunikation beeinflussen<\/h6><\/div><p style><\/p><\/div><\/div><\/div><div class=\"q_icon_with_title tiny normal_icon left_from_title \"><div class=\"icon_text_holder\" style><div class=\"icon_text_inner\" style><div class=\"icon_title_holder\"><div class=\"icon_holder \" style=\" \"><span data-icon-type=\"normal\" class=\"qode_iwt_icon_holder q_font_awsome_icon fa-lg  \"><i class=\"qode_icon_font_awesome fa fa-caret-right qode_iwt_icon_element\" style=\"color: #04263f\"><\/i><\/span><\/div><h6 class=\"icon_title\" style=\"color: #04263f;font-weight: 400;\">Destruktive Kommunikationsmuster erkennen und souver\u00e4n wandeln<\/h6><\/div><p style><\/p><\/div><\/div><\/div><div class=\"q_icon_with_title tiny normal_icon left_from_title \"><div class=\"icon_text_holder\" style><div class=\"icon_text_inner\" style><div class=\"icon_title_holder\"><div class=\"icon_holder \" style=\" \"><span data-icon-type=\"normal\" class=\"qode_iwt_icon_holder q_font_awsome_icon fa-lg  \"><i class=\"qode_icon_font_awesome fa fa-caret-right qode_iwt_icon_element\" style=\"color: #04263f\"><\/i><\/span><\/div><h6 class=\"icon_title\" style=\"color: #04263f;font-weight: 400;\">Achtsam und mutig zu klaren Worten<\/h6><\/div><p style><\/p><\/div><\/div><\/div><p style=\"text-align: center;\"><strong><span style=\"font-size: 12pt; color: #30a1b1;\">Resi\u00adli\u00adent durch gute Selbstf\u00fchrung&nbsp;\u2013&nbsp;<\/span><\/strong><\/p>\n[\/vc_column_text][vc_column_text]\n<p style=\"text-align: center;\"><strong><span style=\"font-size: 12pt; color: #30a1b1;\">F\u00fcr mehr inne\u00adre Widerstandskraft&nbsp;<\/span><\/strong><\/p>\n[\/vc_column_text][vc_empty_space height=\u201c18px\u201d][vc_empty_space height=\u201c18px\u201d][vc_column_text]\n<p style=\"text-align: justify;\"><strong><span style=\"font-size: 10pt; color: #04263f;\">Resi\u00adli\u00aden\u00adte Men\u00adschen fin\u00adden in jeder Lage L\u00f6sungs\u00adm\u00f6g\u00adlich\u00adkei\u00adten, bewah\u00adren die Ruhe und \u00fcber\u00adneh\u00admen kon\u00adse\u00adquent die Ver\u00adant\u00adwor\u00adtung f\u00fcr ihr Han\u00addeln. Ergeb\u00adnis\u00adse der moder\u00adnen Resi\u00adli\u00adenz\u00adfor\u00adschung zei\u00adgen , dass die see\u00adli\u00adsche Wider\u00adstands\u00adkraft w\u00e4h\u00adrend der gesam\u00adten Lebens\u00addau\u00ader wei\u00adter aus\u00adge\u00adbaut und gest\u00e4rkt wer\u00adden&nbsp;kann.<\/span><\/strong><\/p>\n[\/vc_column_text][vc_empty_space height=\u201c18px\u201d][vc_empty_space height=\u201c9px\u201d]<div class=\"q_icon_with_title tiny normal_icon left_from_title \"><div class=\"icon_text_holder\" style><div class=\"icon_text_inner\" style><div class=\"icon_title_holder\"><div class=\"icon_holder \" style=\" \"><span data-icon-type=\"normal\" class=\"qode_iwt_icon_holder q_font_awsome_icon fa-lg  \"><i class=\"qode_icon_font_awesome fa fa-caret-right qode_iwt_icon_element\" style=\"color: #04263f\"><\/i><\/span><\/div><h6 class=\"icon_title\" style=\"color: #04263f;font-weight: 400;\">Die 7 S\u00e4ulen der Resilienz \u2014 Modell und Hintergr\u00fcnde<\/h6><\/div><p style><\/p><\/div><\/div><\/div><div class=\"q_icon_with_title tiny normal_icon left_from_title \"><div class=\"icon_text_holder\" style><div class=\"icon_text_inner\" style><div class=\"icon_title_holder\"><div class=\"icon_holder \" style=\" \"><span data-icon-type=\"normal\" class=\"qode_iwt_icon_holder q_font_awsome_icon fa-lg  \"><i class=\"qode_icon_font_awesome fa fa-caret-right qode_iwt_icon_element\" style=\"color: #04263f\"><\/i><\/span><\/div><h6 class=\"icon_title\" style=\"color: #04263f;font-weight: 400;\">Konstruktiver Umgang mit Stress und Belastungen<\/h6><\/div><p style><\/p><\/div><\/div><\/div><div class=\"q_icon_with_title tiny normal_icon left_from_title \"><div class=\"icon_text_holder\" style><div class=\"icon_text_inner\" style><div class=\"icon_title_holder\"><div class=\"icon_holder \" style=\" \"><span data-icon-type=\"normal\" class=\"qode_iwt_icon_holder q_font_awsome_icon fa-lg  \"><i class=\"qode_icon_font_awesome fa fa-caret-right qode_iwt_icon_element\" style=\"color: #04263f\"><\/i><\/span><\/div><h6 class=\"icon_title\" style=\"color: #04263f;font-weight: 400;\">Achtsamkeit und Selbstregulation \u2013 Die Schl\u00fcssel zu Souver\u00e4nit\u00e4t und Gelassenheit<\/h6><\/div><p style><\/p><\/div><\/div><\/div><p style=\"text-align: center;\"><span style=\"font-size: 10pt;\"><strong><span style=\"color: #30a1b1;\">Ver\u00ad\u00e4n\u00adde\u00adrungs\u00adkom\u00adpe\u00adtenz erfolg\u00adreich aufbauen&nbsp;\u2013&nbsp;<\/span><\/strong><\/span><\/p>\n[\/vc_column_text][vc_column_text]\n<p style=\"text-align: center;\"><span style=\"color: #30a1b1; font-size: 10pt;\"><strong>Sou\u00adve\u00adr\u00e4n han\u00addeln in einer agi\u00adlen Arbeitswelt<\/strong><\/span><\/p>\n[\/vc_column_text][vc_empty_space height=\u201c18px\u201d][vc_empty_space height=\u201c18px\u201d][vc_column_text]\n<p style=\"text-align: justify;\"><span style=\"color: #04263f; font-size: 10pt;\"><strong>Wie k\u00f6n\u00adnen Mit\u00adar\u00adbei\u00adten\u00adde im Kon\u00adtext von Agi\u00adli\u00adt\u00e4t und digi\u00adta\u00adler Trans\u00adfor\u00adma\u00adti\u00adon sou\u00adve\u00adr\u00e4n durch die unsi\u00adche\u00adre, kom\u00adple\u00adxe, mehr\u00addeu\u00adti\u00adge und sich ste\u00adtig ver\u00ad\u00e4n\u00addern\u00adde Arbeits\u00adwelt navi\u00adgie\u00adren? Die Ant\u00adwort: Es wird immer wich\u00adti\u00adger, eine per\u00ads\u00f6n\u00adli\u00adche Ver\u00ad\u00e4n\u00adde\u00adrungs\u00adkom\u00adpe\u00adtenz auf\u00adzu\u00adbau\u00aden \u2013 f\u00fcr Mit\u00adar\u00adbei\u00adten\u00adde ein zen\u00adtra\u00adler Faktor.<\/strong><\/span><\/p>\n[\/vc_column_text][vc_empty_space height=\u201c18px\u201d][vc_column_text]\n<p style=\"text-align: justify;\"><strong><span style=\"font-size: 10pt; color: #04263f;\">Wich\u00adtig: Kon\u00adti\u00adnu\u00adier\u00adlich an sich selbst arbei\u00adten, offen sein f\u00fcr Ver\u00ad\u00e4n\u00adde\u00adrun\u00adgen, um mit einem agi\u00adlen Mind\u00adset hand\u00adlungs- und ent\u00adschei\u00addungs\u00adf\u00e4\u00adhig zu bleiben.&nbsp;<\/span><\/strong><\/p>\n[\/vc_column_text][vc_empty_space height=\u201c18px\u201d]<div class=\"q_icon_with_title tiny normal_icon left_from_title \"><div class=\"icon_text_holder\" style><div class=\"icon_text_inner\" style><div class=\"icon_title_holder\"><div class=\"icon_holder \" style=\" \"><span data-icon-type=\"normal\" class=\"qode_iwt_icon_holder q_font_awsome_icon fa-lg  \"><i class=\"qode_icon_font_awesome fa fa-caret-right qode_iwt_icon_element\" style=\"color: #04263f\"><\/i><\/span><\/div><h6 class=\"icon_title\" style=\"color: #04263f;font-weight: 400;\">Kennzeichen der VUKA-Welt, neues BANI-Modell<\/h6><\/div><p style><\/p><\/div><\/div><\/div><div class=\"q_icon_with_title tiny normal_icon left_from_title \"><div class=\"icon_text_holder\" style><div class=\"icon_text_inner\" style><div class=\"icon_title_holder\"><div class=\"icon_holder \" style=\" \"><span data-icon-type=\"normal\" class=\"qode_iwt_icon_holder q_font_awsome_icon fa-lg  \"><i class=\"qode_icon_font_awesome fa fa-caret-right qode_iwt_icon_element\" style=\"color: #04263f\"><\/i><\/span><\/div><h6 class=\"icon_title\" style=\"color: #04263f;font-weight: 400;\">7\u2011Phasen-Modell individueller emotionaler Reaktionen<\/h6><\/div><p style><\/p><\/div><\/div><\/div><div class=\"q_icon_with_title tiny normal_icon left_from_title \"><div class=\"icon_text_holder\" style><div class=\"icon_text_inner\" style><div class=\"icon_title_holder\"><div class=\"icon_holder \" style=\" \"><span data-icon-type=\"normal\" class=\"qode_iwt_icon_holder q_font_awsome_icon fa-lg  \"><i class=\"qode_icon_font_awesome fa fa-caret-right qode_iwt_icon_element\" style=\"color: #04263f\"><\/i><\/span><\/div><h6 class=\"icon_title\" style=\"color: #04263f;font-weight: 400;\">Souver\u00e4ner Umgang mit \u00c4ngsten und Widerst\u00e4nden bei Ver\u00e4nderungen<\/h6><\/div><p style><\/p><\/div><\/div><\/div><p style=\"text-align: center;\"><strong><span style=\"font-size: 12pt; color: #30a1b1;\">Per\u00ads\u00f6n\u00adlich\u00adkeits\u00adun\u00adter\u00adschie\u00adde im&nbsp;Team&nbsp;\u2013&nbsp;<\/span><\/strong><\/p>\n[\/vc_column_text][vc_column_text]\n<p style=\"text-align: center;\"><strong><span style=\"font-size: 12pt; color: #30a1b1;\">gute Selbst\u00adf\u00fch\u00adrung f\u00fcr Intros und Extros<\/span><\/strong><\/p>\n[\/vc_column_text][vc_empty_space height=\u201c18px\u201d][vc_empty_space height=\u201c18px\u201d][vc_column_text]\n<p style=\"text-align: justify;\"><strong><span style=\"font-size: 10pt; color: #04263f;\">Es gibt eine gro\u00ad\u00dfe Zahl an intro\u00adver\u00adtier\u00adten Men\u00adschen, die in der eher \u201elau\u00adten\u201c Gesch\u00e4fts\u00adwelt oft\u00admals unter\u00adsch\u00e4tzt wer\u00adden. Weil gute Teams bei\u00adde Per\u00ads\u00f6n\u00adlich\u00adkei\u00adten brau\u00adchen, geht es in die\u00adsem Semi\u00adnar dar\u00adum, vor allem die St\u00e4r\u00adken der Extros und Intros und ihre Ver\u00adschie\u00adden\u00adhei\u00adten bewusst zu machen, wie sie jeweils \u201eticken\u201c.<\/span><\/strong><\/p>\n[\/vc_column_text][vc_empty_space height=\u201c18px\u201d][vc_column_text]\n<p style=\"text-align: justify;\"><strong><span style=\"font-size: 10pt; color: #04263f;\">Die Unter\u00adschie\u00adde zei\u00adgen sich vor allem im Ener\u00adgie-Manage\u00adment, in der Gehirn\u00adak\u00adti\u00advi\u00adt\u00e4t, der Reiz\u00adver\u00adar\u00adbei\u00adtung und im Kommunikationsverhalten.<\/span><\/strong><\/p>\n[\/vc_column_text][vc_empty_space height=\u201c18px\u201d]<div class=\"q_icon_with_title tiny normal_icon left_from_title \"><div class=\"icon_text_holder\" style><div class=\"icon_text_inner\" style><div class=\"icon_title_holder\"><div class=\"icon_holder \" style=\" \"><span data-icon-type=\"normal\" class=\"qode_iwt_icon_holder q_font_awsome_icon fa-lg  \"><i class=\"qode_icon_font_awesome fa fa-caret-right qode_iwt_icon_element\" style=\"color: #04263f\"><\/i><\/span><\/div><h6 class=\"icon_title\" style=\"color: #04263f;font-weight: 400;\">Was bedeutet Intro- und Extrovertiertheit? Wie wirkt sich das jeweils aus?<\/h6><\/div><p style><\/p><\/div><\/div><\/div><div class=\"q_icon_with_title tiny normal_icon left_from_title \"><div class=\"icon_text_holder\" style><div class=\"icon_text_inner\" style><div class=\"icon_title_holder\"><div class=\"icon_holder \" style=\" \"><span data-icon-type=\"normal\" class=\"qode_iwt_icon_holder q_font_awsome_icon fa-lg  \"><i class=\"qode_icon_font_awesome fa fa-caret-right qode_iwt_icon_element\" style=\"color: #04263f\"><\/i><\/span><\/div><h6 class=\"icon_title\" style=\"color: #04263f;font-weight: 400;\">Erkl\u00e4rungen aus Neurobiologie und Gehirnforschung<\/h6><\/div><p style><\/p><\/div><\/div><\/div><div class=\"q_icon_with_title tiny normal_icon left_from_title \"><div class=\"icon_text_holder\" style><div class=\"icon_text_inner\" style><div class=\"icon_title_holder\"><div class=\"icon_holder \" style=\" \"><span data-icon-type=\"normal\" class=\"qode_iwt_icon_holder q_font_awsome_icon fa-lg  \"><i class=\"qode_icon_font_awesome fa fa-caret-right qode_iwt_icon_element\" style=\"color: #04263f\"><\/i><\/span><\/div><h6 class=\"icon_title\" style=\"color: #04263f;font-weight: 400;\">Die jeweiligen St\u00e4rken effektiv nutzen f\u00fcr starke Teams<\/h6><\/div><p style><\/p><\/div><\/div><\/div><p style=\"text-align: center;\"><strong><span style=\"font-size: 12pt; color: #30a1b1;\">Selbst\u00adf\u00fch\u00adrung f\u00fcr Azubis\/junge Mitarbeiter<\/span><\/strong><\/p>\n[\/vc_column_text][vc_column_text]\n<p style=\"text-align: center;\"><strong><span style=\"font-size: 12pt; color: #30a1b1;\"> \u2013&nbsp;schon in jun\u00adgen Jah\u00adren sou\u00adve\u00adr\u00e4n handeln<\/span><\/strong><\/p>\n[\/vc_column_text][vc_empty_space height=\u201c18px\u201d][vc_empty_space height=\u201c18px\u201d][vc_column_text]\n<p style=\"text-align: justify;\"><strong><span style=\"font-size: 10pt; color: #04263f;\">F\u00fcr ein gesun\u00addes, effi\u00adzi\u00aden\u00adtes Unter\u00adneh\u00admen, das sei\u00adne Mit\u00adar\u00adbei\u00adter lang\u00adfris\u00adtig bin\u00adden will, sind die The\u00admen Selbst\u00adf\u00fch\u00adrung und Selbst\u00adcoa\u00adching und damit die Gesund\u00adheits-Kom\u00adpe\u00adtenz sei\u00adner Aus\u00adzu\u00adbil\u00adden\u00adden und jun\u00adgen Mit\u00adar\u00adbei\u00adter von uner\u00admess\u00adli\u00adchem Wert. Wich\u00adtig ist, schon in jun\u00adgen Jah\u00adren Ver\u00adant\u00adwor\u00adtung f\u00fcr das eige\u00adne Den\u00adken und F\u00fch\u00adlen zu \u00fcbernehmen.<\/span><\/strong><\/p>\n[\/vc_column_text][vc_empty_space height=\u201c18px\u201d][vc_column_text]\n<p style=\"text-align: justify;\"><strong><span style=\"font-size: 10pt; color: #04263f;\">Je fr\u00fc\u00adher mit der Sen\u00adsi\u00adbi\u00adli\u00adsie\u00adrung f\u00fcr die\u00adse The\u00admen begon\u00adnen wird, des\u00adto l\u00e4n\u00adger blei\u00adben die Arbeits\u00adkr\u00e4f\u00adte erhal\u00adten, Fehl\u00adzei\u00adten wer\u00adden verringert.<\/span><\/strong><\/p>\n[\/vc_column_text][vc_empty_space height=\u201c18px\u201d]<div class=\"q_icon_with_title tiny normal_icon left_from_title \"><div class=\"icon_text_holder\" style><div class=\"icon_text_inner\" style><div class=\"icon_title_holder\"><div class=\"icon_holder \" style=\" \"><span data-icon-type=\"normal\" class=\"qode_iwt_icon_holder q_font_awsome_icon fa-lg  \"><i class=\"qode_icon_font_awesome fa fa-caret-right qode_iwt_icon_element\" style=\"color: #04263f\"><\/i><\/span><\/div><h6 class=\"icon_title\" style=\"color: #04263f;font-weight: 400;\">Was bedeutet gute Selbstf\u00fchrung f\u00fcr junge Menschen?<\/h6><\/div><p style><\/p><\/div><\/div><\/div><div class=\"q_icon_with_title tiny normal_icon left_from_title \"><div class=\"icon_text_holder\" style><div class=\"icon_text_inner\" style><div class=\"icon_title_holder\"><div class=\"icon_holder \" style=\" \"><span data-icon-type=\"normal\" class=\"qode_iwt_icon_holder q_font_awsome_icon fa-lg  \"><i class=\"qode_icon_font_awesome fa fa-caret-right qode_iwt_icon_element\" style=\"color: #04263f\"><\/i><\/span><\/div><h6 class=\"icon_title\" style=\"color: #04263f;font-weight: 400;\">Grundlagen psychischer Gestzm\u00e4\u00dfigkeiten<\/h6><\/div><p style><\/p><\/div><\/div><\/div><div class=\"q_icon_with_title tiny normal_icon left_from_title \"><div class=\"icon_text_holder\" style><div class=\"icon_text_inner\" style><div class=\"icon_title_holder\"><div class=\"icon_holder \" style=\" \"><span data-icon-type=\"normal\" class=\"qode_iwt_icon_holder q_font_awsome_icon fa-lg  \"><i class=\"qode_icon_font_awesome fa fa-caret-right qode_iwt_icon_element\" style=\"color: #04263f\"><\/i><\/span><\/div><h6 class=\"icon_title\" style=\"color: #04263f;font-weight: 400;\">Souver\u00e4n in schwierigen Situationen handeln dank Selbstregulation<\/h6><\/div><p style><\/p><\/div><\/div><\/div><h2 style=\"text-align: center;\"><span style=\"color: #04263f; font-size: 24pt;\">F\u00fchrungskr\u00e4fte-Workshops<\/span><\/h2>\n[\/vc_column_text][vc_empty_space height=\u201c18px\u201d][vc_column_text]\n<h3 style=\"text-align: center;\"><span style=\"color: #30a1b1; font-size: 18pt;\">Gesunde F\u00fchrung mit emotionaler Intelligenz<\/span><\/h3>\n[\/vc_column_text][vc_empty_space height=\u201c18px\u201d][vc_separator type=\u201cnormal\u201d color=\u201d#f05e0a\u201d][vc_empty_space height=\u201c18px\u201d][vc_empty_space height=\u201c18px\u201d][vc_column_text]\n<p style=\"text-align: center;\"><span style=\"font-size: 12pt;\"><strong>Alle Vari\u00adan\u00adten sind sehr pra\u00adxis\u00adori\u00aden\u00adtiert aufgebaut.<\/strong><br>\nVor\u00adteil 1 Tag: fokus\u00adsier\u00adte Ver\u00admitt\u00adlung der Inhalte<br>\nVor\u00adteil 2 Tage: h\u00f6he\u00adrer Anteil an prak\u00adti\u00adschen \u00dcbungen<\/span><\/p>\n[\/vc_column_text][vc_empty_space height=\u201c18px\u201d][vc_column_text]\n<p style=\"text-align: center;\"><span style=\"font-size: 12pt;\"><strong>Ort: inhouse<\/strong><\/span><\/p>\n[\/vc_column_text][vc_empty_space height=\u201c18px\u201d][vc_empty_space height=\u201c18px\u201d][vc_empty_space height=\u201c18px\u201d][vc_column_inner width=\u201c1\/4\u201d][\/vc_column_inner][vc_column_inner width=\u201c3\/4\u201d][\/vc_column_inner][\/vc_column][\/vc_row][vc_row css_animation=\u201d\u201d row_type=\u201crow\u201d use_row_as_full_screen_section=\u201cno\u201d type=\u201cgrid\u201d angled_section=\u201cno\u201d text_align=\u201cleft\u201d background_image_as_pattern=\u201cwithout_pattern\u201d z_index=\u201c\u201d][vc_column width=\u201c1\/3\u201d][vc_row_inner row_type=\u201crow\u201d use_as_box=\u201cuse_row_as_box\u201d type=\u201cfull_width\u201d text_align=\u201cleft\u201d row_negative_margin=\u201cdisable_negative_margin\u201d css_animation=\u201d\u201d background_color=\u201c#f5f2f0\u201d][vc_column_inner css=\u201d.vc_custom_1520174817013{border-radius: 2px !important;}\u201d][vc_text_separator title=\u201cEmotionale Intel\u00adli\u00adgenz f\u00fcr F\u00fch\u00adrungs\u00adkr\u00e4f\u00adte\u201d i_icon_monosocial=\u201cvc-mono vc-mono-tech\u00adno\u00adra\u00adti\u201d border=\u201cno\u201d title_color=\u201d#ffffff\u201d background_color=\u201d#f05e0a\u201d][vc_empty_space height=\u201c18px\u201d][vc_empty_space height=\u201c18px\u201d][vc_column_text]\n<p style=\"text-align: center;\"><strong><span style=\"font-size: 12pt; color: #30a1b1;\">Mit\u00adar\u00adbei\u00adten\u00adde f\u00f6r\u00addern und st\u00e4rken&nbsp;\u2013<\/span><\/strong><\/p>\n[\/vc_column_text][vc_column_text]\n<p style=\"text-align: center;\"><strong><span style=\"font-size: 12pt; color: #30a1b1;\">Vor\u00adbild sein mit guter Selbstf\u00fchrung<\/span><\/strong><\/p>\n[\/vc_column_text][vc_empty_space height=\u201c18px\u201d][vc_empty_space height=\u201c18px\u201d][vc_column_text]\n<p style=\"text-align: justify;\"><span style=\"font-size: 10pt; color: #04263f;\"><strong>Eine F\u00fch\u00adrungs\u00adkraft hat den h\u00f6chs\u00adten posi\u00adti\u00adven oder nega\u00adti\u00adven Ein\u00adfluss auf die Arbeits\u00adf\u00e4\u00adhig\u00adkeit ihrer Mit\u00adar\u00adbei\u00adten\u00adden. Gew\u00fcnscht ist ein F\u00fch\u00adrungs\u00adstil, der die Mit\u00adar\u00adbei\u00adten\u00adden moti\u00adviert, ihre Res\u00adsour\u00adcen st\u00e4rkt und damit ihre Leis\u00adtungs\u00adf\u00e4\u00adhig\u00adkeit erh\u00e4lt bzw. f\u00f6r\u00addert. Dies ist zen\u00adtral f\u00fcr den Team- und Unter\u00adneh\u00admens\u00ader\u00adfolg.<\/strong> <\/span><\/p>\n[\/vc_column_text][vc_empty_space height=\u201c18px\u201d][vc_column_text]\n<p style=\"text-align: justify;\"><strong><span style=\"font-size: 10pt; color: #04263f;\">Gera\u00adde im Span\u00adnungs\u00adfeld von Ver\u00ad\u00e4n\u00adde\u00adrun\u00adgen und andau\u00adern\u00addem Leis\u00adtungs\u00addruck hei\u00dft emo\u00adtio\u00adnal intel\u00adli\u00adgent f\u00fch\u00adren gesund\u00adheits\u00adf\u00f6r\u00addernd f\u00fchren.&nbsp;<\/span><\/strong><\/p>\n[\/vc_column_text][vc_empty_space height=\u201c18px\u201d][vc_column_text]\n<p style=\"text-align: justify;\"><strong><span style=\"font-size: 10pt; color: #04263f;\">F\u00fch\u00adrungs\u00adkr\u00e4f\u00adte, die sich selbst gut f\u00fch\u00adren und coa\u00adchen k\u00f6n\u00adnen, unter\u00adst\u00fct\u00adzen und f\u00f6r\u00addern ihre Mit\u00adar\u00adbei\u00adtern und Teams in unter\u00adneh\u00adme\u00adri\u00adschen und inne\u00adren Pro\u00adzes\u00adsen. Gesun\u00adde F\u00fch\u00adrung ist kein Luxus, son\u00addern eine unter\u00adneh\u00adme\u00adri\u00adsche Notwendigkeit!<\/span><\/strong><\/p>\n[\/vc_column_text][vc_empty_space height=\u201c18px\u201d][vc_empty_space height=\u201c18px\u201d][vc_empty_space height=\u201c18px\u201d][vc_empty_space height=\u201c18px\u201d]<div class=\"q_icon_with_title tiny normal_icon left_from_title \"><div class=\"icon_text_holder\" style><div class=\"icon_text_inner\" style><div class=\"icon_title_holder\"><div class=\"icon_holder \" style=\" \"><span data-icon-type=\"normal\" class=\"qode_iwt_icon_holder q_font_awsome_icon fa-lg  \"><i class=\"qode_icon_font_awesome fa fa-caret-right qode_iwt_icon_element\" style=\"color: #04263f\"><\/i><\/span><\/div><h6 class=\"icon_title\" style=\"color: #04263f;font-weight: 400;\">Wirkungszusammenh\u00e4nge von psychischer Gesundheit, Leistung und F\u00fchrungspraxis<\/h6><\/div><p style><\/p><\/div><\/div><\/div><div class=\"q_icon_with_title tiny normal_icon left_from_title \"><div class=\"icon_text_holder\" style><div class=\"icon_text_inner\" style><div class=\"icon_title_holder\"><div class=\"icon_holder \" style=\" \"><span data-icon-type=\"normal\" class=\"qode_iwt_icon_holder q_font_awsome_icon fa-lg  \"><i class=\"qode_icon_font_awesome fa fa-caret-right qode_iwt_icon_element\" style=\"color: #04263f\"><\/i><\/span><\/div><h6 class=\"icon_title\" style=\"color: #04263f;font-weight: 400;\">Die Aspekte einer gesunden, emotional intelligenten F\u00fchrung und ihre praktische Umsetzung<\/h6><\/div><p style><\/p><\/div><\/div><\/div><div class=\"q_icon_with_title tiny normal_icon left_from_title \"><div class=\"icon_text_holder\" style><div class=\"icon_text_inner\" style><div class=\"icon_title_holder\"><div class=\"icon_holder \" style=\" \"><span data-icon-type=\"normal\" class=\"qode_iwt_icon_holder q_font_awsome_icon fa-lg  \"><i class=\"qode_icon_font_awesome fa fa-caret-right qode_iwt_icon_element\" style=\"color: #04263f\"><\/i><\/span><\/div><h6 class=\"icon_title\" style=\"color: #04263f;font-weight: 400;\">Vorbild sein in punkto Self Care und Gesundheit<\/h6><\/div><p style><\/p><\/div><\/div><\/div>[vc_empty_space height=\u201c18px\u201d][vc_column_text]\n<p style=\"text-align: justify;\"><span style=\"font-size: 10pt;\"><strong>Dau\u00ader: <\/strong>1 Tag oder 2&nbsp;Tage<strong><br>\n<\/strong><\/span><\/p>\n[\/vc_column_text][vc_empty_space height=\u201c18px\u201d][vc_empty_space height=\u201c18px\u201d][\/vc_column_inner][\/vc_row_inner][\/vc_column][vc_column width=\u201c1\/3\u201d][vc_row_inner row_type=\u201crow\u201d use_as_box=\u201cuse_row_as_box\u201d type=\u201cfull_width\u201d text_align=\u201cleft\u201d row_negative_margin=\u201cdisable_negative_margin\u201d css_animation=\u201d\u201d background_color=\u201c#f5f2f0\u201d][vc_column_inner css=\u201d.vc_custom_1520174817013{border-radius: 2px !important;}\u201d][vc_text_separator title=\u201cGesunde F\u00fch\u00adrung f\u00fcr F\u00fch\u00adrungs\u00adkr\u00e4f\u00adte\u201d i_icon_monosocial=\u201cvc-mono vc-mono-tech\u00adno\u00adra\u00adti\u201d border=\u201cno\u201d title_color=\u201d#ffffff\u201d background_color=\u201d#f05e0a\u201d][vc_empty_space height=\u201c18px\u201d][vc_empty_space height=\u201c18px\u201d][vc_column_text]\n<p style=\"text-align: center;\"><span style=\"color: #30a1b1; font-size: 10pt;\"><strong>Psy\u00adchisch belas\u00adte\u00adte <span class=\"caps\">MA<\/span> wert\u00adsch\u00e4t\u00adzend f\u00fchren&nbsp;\u2013&nbsp;<\/strong><\/span><\/p>\n[\/vc_column_text][vc_column_text]\n<p style=\"text-align: center;\"><span style=\"color: #30a1b1; font-size: 12pt;\"><strong>Wis\u00adsen, um ver\u00adant\u00adwor\u00adtungs\u00advoll zu handeln<\/strong><\/span><\/p>\n[\/vc_column_text][vc_empty_space height=\u201c18px\u201d][vc_empty_space height=\u201c18px\u201d][vc_column_text]\n<p style=\"text-align: justify;\"><strong><span style=\"font-size: 10pt; color: #04263f;\">Lebens\u00adkri\u00adsen und Erkran\u00adkun\u00adgen zei\u00adgen sich u.a. in s\u00fcch\u00adti\u00adgem, psy\u00adcho\u00adso\u00adma\u00adti\u00adschem, depres\u00adsi\u00advem Ver\u00adhal\u00adten oder als Burn\u00adout auch im betrieb\u00adli\u00adchen Umfeld. Die betrof\u00adfe\u00adnen Mit\u00adar\u00adbei\u00adten\u00adden sind oft\u00admals zwar anwe\u00adsend, aber ihre Moti\u00adva\u00adti\u00adon und Leis\u00adtungs\u00adf\u00e4\u00adhig\u00adkeit ist zum Teil stark eingeschr\u00e4nkt.&nbsp;<\/span><\/strong><\/p>\n[\/vc_column_text][vc_empty_space height=\u201c18px\u201d][vc_column_text]\n<p style=\"text-align: justify;\"><strong><span style=\"font-size: 10pt; color: #04263f;\">Fol\u00adge\u00adpro\u00adble\u00adme wie hohe Fehl\u00adzei\u00adten, ver\u00admin\u00adder\u00adte Arbeits\u00adqua\u00adli\u00adt\u00e4t und Bezie\u00adhungs\u00adkon\u00adflik\u00adte stel\u00adlen Vor\u00adge\u00adsetz\u00adte vor beson\u00adde\u00adre F\u00fchrungsaufgaben.<\/span><\/strong><\/p>\n[\/vc_column_text][vc_empty_space height=\u201c18px\u201d][vc_column_text]\n<p style=\"text-align: justify;\"><strong><span style=\"font-size: 10pt; color: #04263f;\">F\u00fch\u00adrungs\u00adkr\u00e4f\u00adte gewin\u00adnen die Sicher\u00adheit zu erken\u00adnen, wel\u00adche Sym\u00adpto\u00adme auf wel\u00adches Krank\u00adheits\u00adbild hin\u00adwei\u00adsen k\u00f6n\u00adnen und wer\u00adden sen\u00adsi\u00adbi\u00adli\u00adsiert f\u00fcr Ver\u00adhal\u00adtens\u00ad\u00e4n\u00adde\u00adrun\u00adgen und Ver\u00adhal\u00adtens\u00adauf\u00adf\u00e4l\u00adlig\u00adkei\u00adten. Sie erar\u00adbei\u00adten sich Hand\u00adlungs\u00adsi\u00adcher\u00adheit f\u00fcr pro\u00adblem\u00adl\u00f6\u00adsen\u00adde betrieb\u00adli\u00adche Vor\u00adge\u00adhens\u00adwei\u00adsen und f\u00fcr eine ein\u00adf\u00fchl\u00adsa\u00adme Gespr\u00e4chsf\u00fchrung.<\/span><\/strong><\/p>\n[\/vc_column_text][vc_empty_space height=\u201c18px\u201d][vc_column_text][\/vc_column_text][vc_empty_space height=\u201c18px\u201d]<div class=\"q_icon_with_title tiny normal_icon left_from_title \"><div class=\"icon_text_holder\" style><div class=\"icon_text_inner\" style><div class=\"icon_title_holder\"><div class=\"icon_holder \" style=\" \"><span data-icon-type=\"normal\" class=\"qode_iwt_icon_holder q_font_awsome_icon fa-lg  \"><i class=\"qode_icon_font_awesome fa fa-caret-right qode_iwt_icon_element\" style=\"color: #04263f\"><\/i><\/span><\/div><h6 class=\"icon_title\" style=\"color: #04263f;font-weight: 400;\">Basiswissen zu psychischen Erkrankungen und deren Auswirkungen im Unternehmenskontext<\/h6><\/div><p style><\/p><\/div><\/div><\/div><div class=\"q_icon_with_title tiny normal_icon left_from_title \"><div class=\"icon_text_holder\" style><div class=\"icon_text_inner\" style><div class=\"icon_title_holder\"><div class=\"icon_holder \" style=\" \"><span data-icon-type=\"normal\" class=\"qode_iwt_icon_holder q_font_awsome_icon fa-lg  \"><i class=\"qode_icon_font_awesome fa fa-caret-right qode_iwt_icon_element\" style=\"color: #04263f\"><\/i><\/span><\/div><h6 class=\"icon_title\" style=\"color: #04263f;font-weight: 400;\">Auff\u00e4lligkeiten und Verhaltens\u00e4nderungen \u2014 Einflussm\u00f6glichkeiten als F\u00fchrungskraft<\/h6><\/div><p style><\/p><\/div><\/div><\/div><div class=\"q_icon_with_title tiny normal_icon left_from_title \"><div class=\"icon_text_holder\" style><div class=\"icon_text_inner\" style><div class=\"icon_title_holder\"><div class=\"icon_holder \" style=\" \"><span data-icon-type=\"normal\" class=\"qode_iwt_icon_holder q_font_awsome_icon fa-lg  \"><i class=\"qode_icon_font_awesome fa fa-caret-right qode_iwt_icon_element\" style=\"color: #04263f\"><\/i><\/span><\/div><h6 class=\"icon_title\" style=\"color: #04263f;font-weight: 400;\">Einf\u00fchlsame Gespr\u00e4chstechniken mit Betroffenen<\/h6><\/div><p style><\/p><\/div><\/div><\/div>[vc_empty_space height=\u201c18px\u201d][vc_column_text]\n<p style=\"text-align: justify;\"><span style=\"font-size: 10pt;\"><strong>Dau\u00ader: <\/strong>2 Tage<strong><br>\n<\/strong><\/span><\/p>\n[\/vc_column_text][vc_empty_space height=\u201c18px\u201d][vc_empty_space height=\u201c18px\u201d][vc_empty_space height=\u201c9px\u201d][\/vc_column_inner][\/vc_row_inner][\/vc_column][vc_column width=\u201c1\/3\u201d][vc_row_inner row_type=\u201crow\u201d use_as_box=\u201cuse_row_as_box\u201d type=\u201cfull_width\u201d text_align=\u201cleft\u201d row_negative_margin=\u201cdisable_negative_margin\u201d css_animation=\u201d\u201d background_color=\u201c#f5f2f0\u201d][vc_column_inner css=\u201d.vc_custom_1520174817013{border-radius: 2px !important;}\u201d][vc_text_separator title=\u201cSouver\u00e4ne F\u00fch\u00adrung f\u00fcr F\u00fch\u00adrungs\u00adkr\u00e4f\u00adte\u201d i_icon_monosocial=\u201cvc-mono vc-mono-tech\u00adno\u00adra\u00adti\u201d border=\u201cno\u201d title_color=\u201d#ffffff\u201d background_color=\u201d#f05e0a\u201d][vc_empty_space height=\u201c18px\u201d][vc_empty_space height=\u201c18px\u201d][vc_column_text]\n<p style=\"text-align: center;\"><span style=\"font-size: 10pt; color: #30a1b1;\"><strong>Ver\u00ad\u00e4n\u00adde\u00adrungs\u00adkom\u00adpe\u00adtenz erfolg\u00adreich f\u00f6rdern&nbsp;\u2013&nbsp;<\/strong><\/span><\/p>\n[\/vc_column_text][vc_column_text]\n<p style=\"text-align: center;\"><span style=\"font-size: 12pt; color: #30a1b1;\"><strong>Sou\u00adve\u00adr\u00e4n f\u00fch\u00adren in einer agi\u00adlen Arbeitswelt<\/strong><\/span><\/p>\n[\/vc_column_text][vc_empty_space height=\u201c18px\u201d][vc_empty_space height=\u201c18px\u201d][vc_column_text]\n<p style=\"text-align: justify;\"><strong><span style=\"font-size: 10pt;\">Die Arbeits\u00adwelt ist zuneh\u00admend unsi\u00adcher, kom\u00adplex, mehr\u00addeu\u00adtig und ver\u00ad\u00e4n\u00addert sich ste\u00adtig. Es wird immer wich\u00adti\u00adger, eine per\u00ads\u00f6n\u00adli\u00adche Ver\u00ad\u00e4n\u00adde\u00adrungs\u00adkom\u00adpe\u00adtenz auf\u00adzu\u00adbau\u00aden \u2013 sowohl f\u00fcr die F\u00fch\u00adrungs\u00adkraft selbst als auch ihre Mit\u00adar\u00adbei\u00adten\u00adden dabei zu unterst\u00fctzen.<\/span><\/strong><\/p>\n[\/vc_column_text][vc_empty_space height=\u201c18px\u201d][vc_column_text]\n<p style=\"text-align: justify;\"><strong><span style=\"font-size: 10pt;\">Der erfolg\u00adrei\u00adche Umgang mit Kom\u00adple\u00adxi\u00adt\u00e4t und Unsi\u00adcher\u00adheit wird zur Kern\u00adkom\u00adpe\u00adtenz. Dies bedeu\u00adtet, das eige\u00adne Team agi\u00adler auf\u00adzu\u00adstel\u00adlen \u2013 auch im klas\u00adsi\u00adschen All\u00adtag einer tra\u00addi\u00adtio\u00adnell hier\u00adar\u00adchi\u00adschen Organisation.<\/span><\/strong><\/p>\n[\/vc_column_text][vc_empty_space height=\u201c18px\u201d][vc_column_text]\n<p style=\"text-align: justify;\"><strong><span style=\"font-size: 10pt;\">Die Teil\u00adneh\u00admen\u00adden erken\u00adnen, dass sich ihre Rol\u00adle als F\u00fch\u00adrungs\u00adkraft in der VUKA-Welt mehr und mehr zum Rah\u00admen\u00adge\u00adstal\u00adter, Bef\u00e4\u00adhi\u00adger, Ermu\u00adti\u00adger, Lern\u00adbe\u00adglei\u00adter und Coach wan\u00addeln wird, der f\u00fcr gute Arbeits\u00adbe\u00addin\u00adgun\u00adgen&nbsp;sorgt.&nbsp;<\/span><\/strong><\/p>\n[\/vc_column_text][vc_empty_space height=\u201c18px\u201d][vc_column_text][\/vc_column_text][vc_empty_space height=\u201c18px\u201d]<div class=\"q_icon_with_title tiny normal_icon left_from_title \"><div class=\"icon_text_holder\" style><div class=\"icon_text_inner\" style><div class=\"icon_title_holder\"><div class=\"icon_holder \" style=\" \"><span data-icon-type=\"normal\" class=\"qode_iwt_icon_holder q_font_awsome_icon fa-lg  \"><i class=\"qode_icon_font_awesome fa fa-caret-right qode_iwt_icon_element\" style=\"color: #04263f\"><\/i><\/span><\/div><h6 class=\"icon_title\" style=\"color: #04263f;font-weight: 400;\">Die Grundlagen einer agilen F\u00fchrung<\/h6><\/div><p style><\/p><\/div><\/div><\/div><div class=\"q_icon_with_title tiny normal_icon left_from_title \"><div class=\"icon_text_holder\" style><div class=\"icon_text_inner\" style><div class=\"icon_title_holder\"><div class=\"icon_holder \" style=\" \"><span data-icon-type=\"normal\" class=\"qode_iwt_icon_holder q_font_awsome_icon fa-lg  \"><i class=\"qode_icon_font_awesome fa fa-caret-right qode_iwt_icon_element\" style=\"color: #04263f\"><\/i><\/span><\/div><h6 class=\"icon_title\" style=\"color: #04263f;font-weight: 400;\">F\u00f6rderliche Pers\u00f6nlichkeitsmerkmale f\u00fcr Ver\u00e4nderungsbereitschaft<\/h6><\/div><p style><\/p><\/div><\/div><\/div><div class=\"q_icon_with_title tiny normal_icon left_from_title \"><div class=\"icon_text_holder\" style><div class=\"icon_text_inner\" style><div class=\"icon_title_holder\"><div class=\"icon_holder \" style=\" \"><span data-icon-type=\"normal\" class=\"qode_iwt_icon_holder q_font_awsome_icon fa-lg  \"><i class=\"qode_icon_font_awesome fa fa-caret-right qode_iwt_icon_element\" style=\"color: #04263f\"><\/i><\/span><\/div><h6 class=\"icon_title\" style=\"color: #04263f;font-weight: 400;\">7\u2011Phasen-Modell individueller emotionaler Reaktionen<\/h6><\/div><p style><\/p><\/div><\/div><\/div>[vc_empty_space height=\u201c18px\u201d][vc_column_text]\n<p style=\"text-align: justify;\"><span style=\"font-size: 10pt;\"><strong>Dau\u00ader: <\/strong>2 Tage<strong><br>\n<\/strong><\/span><\/p>\n[\/vc_column_text][vc_empty_space height=\u201c18px\u201d][vc_empty_space height=\u201c18px\u201d][vc_empty_space height=\u201c18px\u201d][vc_empty_space height=\u201c18px\u201d][vc_empty_space height=\u201c9px\u201d][\/vc_column_inner][\/vc_row_inner][\/vc_column][\/vc_row][vc_row css_animation=\u201d\u201d row_type=\u201crow\u201d use_row_as_full_screen_section=\u201cno\u201d type=\u201cgrid\u201d angled_section=\u201cno\u201d text_align=\u201cleft\u201d background_image_as_pattern=\u201cwithout_pattern\u201d z_index=\u201c\u201d][vc_column][vc_empty_space height=\u201c18px\u201d][vc_empty_space height=\u201c18px\u201d][vc_column_text]\n<h2 style=\"text-align: center;\"><span style=\"color: #04263f; font-size: 24pt;\">Team-Workshops<\/span><\/h2>\n[\/vc_column_text][vc_empty_space height=\u201c18px\u201d][vc_column_text]\n<h3 style=\"text-align: center;\"><span style=\"color: #30a1b1; font-size: 18pt;\">F\u00fcr leistungsstarke und reflektierte Teams<\/span><\/h3>\n[\/vc_column_text][vc_empty_space height=\u201c18px\u201d][vc_separator type=\u201cnormal\u201d color=\u201d#f05e0a\u201d][vc_empty_space height=\u201c18px\u201d][vc_empty_space height=\u201c18px\u201d][vc_column_text]\n<p style=\"text-align: center;\"><span style=\"font-size: 12pt;\"><strong>Alle Vari\u00adan\u00adten sind sehr pra\u00adxis\u00adori\u00aden\u00adtiert aufgebaut.<\/strong><br>\nVor\u00adteil 1 Tag: fokus\u00adsier\u00adte Ver\u00admitt\u00adlung der Inhalte<br>\nVor\u00adteil 2 Tage: h\u00f6he\u00adrer Anteil an prak\u00adti\u00adschen \u00dcbungen<\/span><\/p>\n[\/vc_column_text][vc_empty_space height=\u201c18px\u201d][vc_column_text]\n<p style=\"text-align: center;\"><span style=\"font-size: 12pt;\"><strong>Ort: inhouse<\/strong><\/span><\/p>\n[\/vc_column_text][vc_empty_space height=\u201c18px\u201d][vc_empty_space height=\u201c18px\u201d][vc_empty_space height=\u201c18px\u201d][vc_column_inner width=\u201c1\/4\u201d][\/vc_column_inner][vc_column_inner width=\u201c3\/4\u201d][\/vc_column_inner][\/vc_column][\/vc_row][vc_row css_animation=\u201d\u201d row_type=\u201crow\u201d use_row_as_full_screen_section=\u201cno\u201d type=\u201cgrid\u201d angled_section=\u201cno\u201d text_align=\u201cleft\u201d background_image_as_pattern=\u201cwithout_pattern\u201d z_index=\u201c\u201d][vc_column width=\u201c1\/2\u201d][vc_row_inner row_type=\u201crow\u201d use_as_box=\u201cuse_row_as_box\u201d type=\u201cfull_width\u201d text_align=\u201cleft\u201d row_negative_margin=\u201cdisable_negative_margin\u201d css_animation=\u201d\u201d background_color=\u201c#f5f2f0\u201d][vc_column_inner css=\u201d.vc_custom_1520174817013{border-radius: 2px !important;}\u201d][vc_text_separator title=\u201cGute Selbst\u00adf\u00fch\u00adrung f\u00fcr Teams\u201d i_icon_monosocial=\u201cvc-mono vc-mono-tech\u00adno\u00adra\u00adti\u201d border=\u201cno\u201d title_color=\u201d#ffffff\u201d background_color=\u201d#f05e0a\u201d][vc_empty_space height=\u201c18px\u201d][vc_empty_space height=\u201c18px\u201d][vc_column_text]\n<p style=\"text-align: center;\"><strong><span style=\"font-size: 12pt; color: #30a1b1;\">Per\u00ads\u00f6n\u00adlich\u00adkeits\u00adun\u00adter\u00adschie\u00adde im&nbsp;Team&nbsp;\u2013<\/span><\/strong><\/p>\n[\/vc_column_text][vc_column_text]\n<p style=\"text-align: center;\"><strong><span style=\"font-size: 12pt; color: #30a1b1;\">sich gegen\u00adsei\u00adtig ver\u00adste\u00adhen lernen<\/span><\/strong><\/p>\n[\/vc_column_text][vc_empty_space height=\u201c18px\u201d][vc_empty_space height=\u201c18px\u201d][vc_column_text]\n<p style=\"text-align: justify;\"><span style=\"font-size: 10pt; color: #04263f;\"><strong>Es gibt eine gro\u00ad\u00dfe Zahl an intro\u00adver\u00adtier\u00adten Men\u00adschen, die in der eher \u201elau\u00adten\u201c Gesch\u00e4fts\u00adwelt oft\u00admals unter\u00adsch\u00e4tzt wer\u00adden. Weil gute Teams bei\u00adde Per\u00ads\u00f6n\u00adlich\u00adkei\u00adten brau\u00adchen, geht es in die\u00adsem Semi\u00adnar dar\u00adum, vor allem die St\u00e4r\u00adken der Extros und Intros und ihre Ver\u00adschie\u00adden\u00adhei\u00adten bewusst zu machen, wie sie jeweils \u201eticken\u201c. Die Unter\u00adschie\u00adde zei\u00adgen sich vor allem im Ener\u00adgie-Manage\u00adment, in der Gehirn\u00adak\u00adti\u00advi\u00adt\u00e4t, der Reiz\u00adver\u00adar\u00adbei\u00adtung und im Kom\u00admu\u00adni\u00adka\u00adti\u00adons\u00adver\u00adhal\u00adten.<\/strong> <\/span><\/p>\n[\/vc_column_text][vc_empty_space height=\u201c18px\u201d][vc_column_text]\n<p style=\"text-align: justify;\"><strong><span style=\"font-size: 10pt; color: #04263f;\">Das Ziel: Mehr Ver\u00adst\u00e4nd\u00adnis f\u00fcr die eige\u00adnen Per\u00ads\u00f6n\u00adlich\u00adkeit und die der ande\u00adren auf\u00adbau\u00aden f\u00fcr ein bes\u00adse\u00adres und wert\u00adsch\u00e4t\u00adzen\u00addes Mit\u00adein\u00adan\u00adder und f\u00fcr weni\u00adger Span\u00adnun\u00adgen im&nbsp;Team.<\/span><\/strong><\/p>\n[\/vc_column_text][vc_empty_space height=\u201c18px\u201d][vc_empty_space height=\u201c18px\u201d]<div class=\"q_icon_with_title tiny normal_icon left_from_title \"><div class=\"icon_text_holder\" style><div class=\"icon_text_inner\" style><div class=\"icon_title_holder\"><div class=\"icon_holder \" style=\" \"><span data-icon-type=\"normal\" class=\"qode_iwt_icon_holder q_font_awsome_icon fa-lg  \"><i class=\"qode_icon_font_awesome fa fa-caret-right qode_iwt_icon_element\" style=\"color: #04263f\"><\/i><\/span><\/div><h6 class=\"icon_title\" style=\"color: #04263f;font-weight: 400;\">Was bedeutet Intro- und Extrovertiertheit? Wie wirkt sich das jeweils aus?<\/h6><\/div><p style><\/p><\/div><\/div><\/div><div class=\"q_icon_with_title tiny normal_icon left_from_title \"><div class=\"icon_text_holder\" style><div class=\"icon_text_inner\" style><div class=\"icon_title_holder\"><div class=\"icon_holder \" style=\" \"><span data-icon-type=\"normal\" class=\"qode_iwt_icon_holder q_font_awsome_icon fa-lg  \"><i class=\"qode_icon_font_awesome fa fa-caret-right qode_iwt_icon_element\" style=\"color: #04263f\"><\/i><\/span><\/div><h6 class=\"icon_title\" style=\"color: #04263f;font-weight: 400;\">Erkl\u00e4rungen aus Neurobiologie und Gehirnforschung<\/h6><\/div><p style><\/p><\/div><\/div><\/div><div class=\"q_icon_with_title tiny normal_icon left_from_title \"><div class=\"icon_text_holder\" style><div class=\"icon_text_inner\" style><div class=\"icon_title_holder\"><div class=\"icon_holder \" style=\" \"><span data-icon-type=\"normal\" class=\"qode_iwt_icon_holder q_font_awsome_icon fa-lg  \"><i class=\"qode_icon_font_awesome fa fa-caret-right qode_iwt_icon_element\" style=\"color: #04263f\"><\/i><\/span><\/div><h6 class=\"icon_title\" style=\"color: #04263f;font-weight: 400;\">Die jeweiligen St\u00e4rken effektiv nutzen f\u00fcr starke Teams<\/h6><\/div><p style><\/p><\/div><\/div><\/div>[vc_empty_space height=\u201c18px\u201d][vc_empty_space height=\u201c18px\u201d][vc_column_text]\n<p style=\"text-align: justify;\"><span style=\"font-size: 10pt;\"><strong>Dau\u00ader: <\/strong>1 Tag oder 2&nbsp;Tage<strong><br>\n<\/strong><\/span><\/p>\n[\/vc_column_text][vc_empty_space height=\u201c18px\u201d][vc_empty_space height=\u201c18px\u201d][\/vc_column_inner][\/vc_row_inner][\/vc_column][vc_column width=\u201c1\/2\u201d][vc_row_inner row_type=\u201crow\u201d use_as_box=\u201cuse_row_as_box\u201d type=\u201cfull_width\u201d text_align=\u201cleft\u201d row_negative_margin=\u201cdisable_negative_margin\u201d css_animation=\u201d\u201d background_color=\u201c#f5f2f0\u201d][vc_column_inner css=\u201d.vc_custom_1520174817013{border-radius: 2px !important;}\u201d][vc_text_separator title=\u201cWeitere The\u00admen f\u00fcr Teams\u201d i_icon_monosocial=\u201cvc-mono vc-mono-tech\u00adno\u00adra\u00adti\u201d border=\u201cno\u201d title_color=\u201d#ffffff\u201d background_color=\u201d#f05e0a\u201d][vc_empty_space height=\u201c18px\u201d][vc_empty_space height=\u201c18px\u201d][vc_column_text]\n<p style=\"text-align: center;\"><strong><span style=\"font-size: 12pt; color: #30a1b1;\">M\u00f6g\u00adli\u00adche The\u00admen f\u00fcr Team-Workshops&nbsp;\u2013<\/span><\/strong><\/p>\n[\/vc_column_text][vc_column_text]\n<p style=\"text-align: center;\"><strong><span style=\"font-size: 12pt; color: #30a1b1;\">gute Selbst\u00adf\u00fch\u00adrung als&nbsp;Basis<\/span><\/strong><\/p>\n[\/vc_column_text][vc_empty_space height=\u201c18px\u201d][vc_empty_space height=\u201c18px\u201d][vc_column_text]\n<p style=\"text-align: justify;\"><strong><span style=\"font-size: 10pt; color: #04263f;\">Gera\u00adde in Zei\u00adten des rasan\u00adten Wan\u00addels steht nicht nur der Ein\u00adzel\u00adne vor gro\u00ad\u00dfen Her\u00adaus\u00adfor\u00adde\u00adrun\u00adgen \u2013 die Team\u00adleis\u00adtung ist ent\u00adschei\u00adden f\u00fcr den Unternehmenserfolg.&nbsp;<\/span><\/strong><\/p>\n[\/vc_column_text][vc_empty_space height=\u201c18px\u201d][vc_column_text]\n<p style=\"text-align: justify;\"><span style=\"font-size: 10pt; color: #04263f;\"><strong>Mit\u00adar\u00adbei\u00adter, die sich selbst gut f\u00fch\u00adren und coa\u00adchen k\u00f6n\u00adnen, k\u00f6n\u00adnen zu star\u00adken Teams zusam\u00admen\u00adwach\u00adsen, wenn alle reflek\u00adtiert, tole\u00adrant und wert\u00adsch\u00e4t\u00adzend den ande\u00adren Team\u00admit\u00adglie\u00addern gegen\u00ad\u00fcber sind.<\/strong> <\/span><\/p>\n[\/vc_column_text][vc_empty_space height=\u201c18px\u201d][vc_column_text]\n<p style=\"text-align: justify;\"><strong><span style=\"font-size: 10pt; color: #04263f;\">Dazu bedarf es zun\u00e4chst der drei Kern\u00adkom\u00adpe\u00adten\u00adzen Acht\u00adsam\u00adkeit, Selbst\u00adre\u00adfle\u00adxi\u00adon und Selbstregulation.&nbsp;<\/span><\/strong><\/p>\n[\/vc_column_text][vc_empty_space height=\u201c18px\u201d][vc_empty_space height=\u201c18px\u201d]<div class=\"q_icon_with_title tiny normal_icon left_from_title \"><div class=\"icon_text_holder\" style><div class=\"icon_text_inner\" style><div class=\"icon_title_holder\"><div class=\"icon_holder \" style=\" \"><span data-icon-type=\"normal\" class=\"qode_iwt_icon_holder q_font_awsome_icon fa-lg  \"><i class=\"qode_icon_font_awesome fa fa-caret-right qode_iwt_icon_element\" style=\"color: #04263f\"><\/i><\/span><\/div><h6 class=\"icon_title\" style=\"color: #04263f;font-weight: 400;\">Konstruktiver Umgang mit Konflikten und Widerst\u00e4nden<\/h6><\/div><p style><\/p><\/div><\/div><\/div><div class=\"q_icon_with_title tiny normal_icon left_from_title \"><div class=\"icon_text_holder\" style><div class=\"icon_text_inner\" style><div class=\"icon_title_holder\"><div class=\"icon_holder \" style=\" \"><span data-icon-type=\"normal\" class=\"qode_iwt_icon_holder q_font_awsome_icon fa-lg  \"><i class=\"qode_icon_font_awesome fa fa-caret-right qode_iwt_icon_element\" style=\"color: #04263f\"><\/i><\/span><\/div><h6 class=\"icon_title\" style=\"color: #04263f;font-weight: 400;\">Werte und Wertsch\u00e4tzung kultivieren<\/h6><\/div><p style><\/p><\/div><\/div><\/div><div class=\"q_icon_with_title tiny normal_icon left_from_title \"><div class=\"icon_text_holder\" style><div class=\"icon_text_inner\" style><div class=\"icon_title_holder\"><div class=\"icon_holder \" style=\" \"><span data-icon-type=\"normal\" class=\"qode_iwt_icon_holder q_font_awsome_icon fa-lg  \"><i class=\"qode_icon_font_awesome fa fa-caret-right qode_iwt_icon_element\" style=\"color: #04263f\"><\/i><\/span><\/div><h6 class=\"icon_title\" style=\"color: #04263f;font-weight: 400;\">Achtsamer Umgang im&nbsp;Team<\/h6><\/div><p style><\/p><\/div><\/div><\/div><div class=\"q_icon_with_title tiny normal_icon left_from_title \"><div class=\"icon_text_holder\" style><div class=\"icon_text_inner\" style><div class=\"icon_title_holder\"><div class=\"icon_holder \" style=\" \"><span data-icon-type=\"normal\" class=\"qode_iwt_icon_holder q_font_awsome_icon fa-lg  \"><i class=\"qode_icon_font_awesome fa fa-caret-right qode_iwt_icon_element\" style=\"color: #04263f\"><\/i><\/span><\/div><h6 class=\"icon_title\" style=\"color: #04263f;font-weight: 400;\">\u2026<\/h6><\/div><p style><\/p><\/div><\/div><\/div>[vc_empty_space height=\u201c9px\u201d][vc_column_text]\n<p style=\"text-align: justify;\"><span style=\"font-size: 10pt;\"><strong>Dau\u00ader: <\/strong>1\/2 Tag, 1 Tag oder 2&nbsp;Tage<strong><br>\n<\/strong><\/span><\/p>\n[\/vc_column_text][vc_empty_space height=\u201c18px\u201d][vc_empty_space height=\u201c18px\u201d][\/vc_column_inner][\/vc_row_inner][\/vc_column][\/vc_row][vc_row css_animation=\u201d\u201d row_type=\u201crow\u201d use_row_as_full_screen_section=\u201cno\u201d type=\u201cfull_width\u201d angled_section=\u201cno\u201d text_align=\u201cleft\u201d background_image_as_pattern=\u201cwithout_pattern\u201d][vc_column][\/vc_column][\/vc_row][vc_column][\/vc_column][vc_empty_space height=\u201c18px\u201d][vc_empty_space height=\u201c18px\u201d][vc_empty_space height=\u201c18px\u201d][vc_column_text]<span style=\"color: #04263f; font-size: 24pt;\">Sie w\u00fcn\u00adschen wei\u00adte\u00adre Infor\u00adma\u00adtio\u00adnen? Ger\u00adne!<\/span>[\/vc_column_text][vc_column_text css=\u201c\u201d]\n<div class=\"wpb_text_column wpb_content_element \">\n<p><span style=\"font-size: 14pt;\">Rufen Sie mich an unter Tel. <a href=\"tel:+4975319184668\">+49 7531 9184668<\/a> oder schrei\u00adben Sie mir eine <a href=\"mailto:info@elke-groeger.de\" target=\"_blank\" rel=\"noopener noreferrer\">E\u2011Mail<\/a>.<\/span><\/p>\n<\/div>\n[\/vc_column_text][vc_empty_space height=\u201c18px\u201d][vc_empty_space height=\u201c18px\u201d][vc_empty_space height=\u201c18px\u201d][vc_column width=\u201c1\/3\u201d][\/vc_column][vc_column width=\u201c1\/3\u201d][\/vc_column][vc_column width=\u201c1\/3\u201d][\/vc_column]\n<\/div>","protected":false},"excerpt":{"rendered":"<p>[vc_row css_animation=\u201d\u201d row_type=\u201crow\u201d use_row_as_full_screen_section=\u201cno\u201d type=\u201cgrid\u201d angled_section=\u201cno\u201d text_align=\u201cleft\u201d background_image_as_pattern=\u201cwithout_pattern\u201d z_index=\u201c\u201d][vc_column][vc_empty_space height=\u201c18px\u201d][vc_empty_space height=\u201c18px\u201d][vc_column_inner width=\u201c1\/4\u201d][\/vc_column_inner][vc_column_inner width=\u201c3\/4\u201d][\/vc_column_inner][\/vc_column][\/vc_row][vc_row css_animation=\u201d\u201d row_type=\u201crow\u201d use_row_as_full_screen_section=\u201cno\u201d type=\u201cgrid\u201d angled_section=\u201cno\u201d text_align=\u201cleft\u201d background_image_as_pattern=\u201cwithout_pattern\u201d\u2026<\/p>\n","protected":false},"author":7,"featured_media":0,"parent":0,"menu_order":0,"comment_status":"closed","ping_status":"closed","template":"","meta":{"wp_typography_post_enhancements_disabled":false,"footnotes":""},"class_list":["post-8342","page","type-page","status-publish","hentry"],"yoast_head":"<!-- This site is optimized with the Yoast SEO plugin v27.5 - https:\/\/yoast.com\/product\/yoast-seo-wordpress\/ -->\n<title>Seminare - Workshops - Die Expertin f\u00fcr Selbstf\u00fchrung<\/title>\n<meta name=\"robots\" content=\"index, follow, max-snippet:-1, max-image-preview:large, max-video-preview:-1\" \/>\n<link rel=\"canonical\" href=\"https:\/\/www.elke-groeger.de\/selbstfuehrung\/seminare-workshops\/\" \/>\n<meta property=\"og:locale\" content=\"de_DE\" \/>\n<meta property=\"og:type\" content=\"article\" \/>\n<meta property=\"og:title\" content=\"Seminare - Workshops - Die Expertin f\u00fcr Selbstf\u00fchrung\" \/>\n<meta property=\"og:description\" content=\"[vc_row css_animation=\u201d\u201d row_type=\u201crow\u201d use_row_as_full_screen_section=\u201cno\u201d type=\u201cgrid\u201d angled_section=\u201cno\u201d text_align=\u201cleft\u201d background_image_as_pattern=\u201cwithout_pattern\u201d z_index=\u201c\u201d][vc_column][vc_empty_space height=\u201c18px\u201d][vc_empty_space height=\u201c18px\u201d][vc_column_inner width=\u201c1\/4\u201d][\/vc_column_inner][vc_column_inner width=\u201c3\/4\u201d][\/vc_column_inner][\/vc_column][\/vc_row][vc_row css_animation=\u201d\u201d row_type=\u201crow\u201d use_row_as_full_screen_section=\u201cno\u201d type=\u201cgrid\u201d angled_section=\u201cno\u201d text_align=\u201cleft\u201d background_image_as_pattern=\u201cwithout_pattern\u201d...\" \/>\n<meta property=\"og:url\" content=\"https:\/\/www.elke-groeger.de\/selbstfuehrung\/seminare-workshops\/\" \/>\n<meta property=\"og:site_name\" content=\"Die Expertin f\u00fcr Selbstf\u00fchrung\" \/>\n<meta property=\"article:modified_time\" content=\"2025-12-26T11:24:56+00:00\" \/>\n<meta name=\"twitter:card\" content=\"summary_large_image\" \/>\n<meta name=\"twitter:label1\" content=\"Gesch\u00e4tzte Lesezeit\" \/>\n\t<meta name=\"twitter:data1\" content=\"15\u00a0Minuten\" \/>\n<script type=\"application\/ld+json\" class=\"yoast-schema-graph\">{\"@context\":\"https:\\\/\\\/schema.org\",\"@graph\":[{\"@type\":\"WebPage\",\"@id\":\"https:\\\/\\\/www.elke-groeger.de\\\/selbstfuehrung\\\/seminare-workshops\\\/\",\"url\":\"https:\\\/\\\/www.elke-groeger.de\\\/selbstfuehrung\\\/seminare-workshops\\\/\",\"name\":\"Seminare - Workshops - Die Expertin f\u00fcr Selbstf\u00fchrung\",\"isPartOf\":{\"@id\":\"https:\\\/\\\/www.elke-groeger.de\\\/selbstfuehrung\\\/#website\"},\"datePublished\":\"2024-02-05T15:24:13+00:00\",\"dateModified\":\"2025-12-26T11:24:56+00:00\",\"breadcrumb\":{\"@id\":\"https:\\\/\\\/www.elke-groeger.de\\\/selbstfuehrung\\\/seminare-workshops\\\/#breadcrumb\"},\"inLanguage\":\"de\",\"potentialAction\":[{\"@type\":\"ReadAction\",\"target\":[\"https:\\\/\\\/www.elke-groeger.de\\\/selbstfuehrung\\\/seminare-workshops\\\/\"]}]},{\"@type\":\"BreadcrumbList\",\"@id\":\"https:\\\/\\\/www.elke-groeger.de\\\/selbstfuehrung\\\/seminare-workshops\\\/#breadcrumb\",\"itemListElement\":[{\"@type\":\"ListItem\",\"position\":1,\"name\":\"Home\",\"item\":\"https:\\\/\\\/www.elke-groeger.de\\\/selbstfuehrung\\\/\"},{\"@type\":\"ListItem\",\"position\":2,\"name\":\"Seminare &#8211; Workshops\"}]},{\"@type\":\"WebSite\",\"@id\":\"https:\\\/\\\/www.elke-groeger.de\\\/selbstfuehrung\\\/#website\",\"url\":\"https:\\\/\\\/www.elke-groeger.de\\\/selbstfuehrung\\\/\",\"name\":\"Die Expertin f\u00fcr Selbstf\u00fchrung\",\"description\":\"\",\"potentialAction\":[{\"@type\":\"SearchAction\",\"target\":{\"@type\":\"EntryPoint\",\"urlTemplate\":\"https:\\\/\\\/www.elke-groeger.de\\\/selbstfuehrung\\\/?s={search_term_string}\"},\"query-input\":{\"@type\":\"PropertyValueSpecification\",\"valueRequired\":true,\"valueName\":\"search_term_string\"}}],\"inLanguage\":\"de\"}]}<\/script>\n<!-- \/ Yoast SEO plugin. -->","yoast_head_json":{"title":"Seminare - Workshops - Die Expertin f\u00fcr Selbstf\u00fchrung","robots":{"index":"index","follow":"follow","max-snippet":"max-snippet:-1","max-image-preview":"max-image-preview:large","max-video-preview":"max-video-preview:-1"},"canonical":"https:\/\/www.elke-groeger.de\/selbstfuehrung\/seminare-workshops\/","og_locale":"de_DE","og_type":"article","og_title":"Seminare - Workshops - Die Expertin f\u00fcr Selbstf\u00fchrung","og_description":"[vc_row css_animation=\u201d\u201d row_type=\u201crow\u201d use_row_as_full_screen_section=\u201cno\u201d type=\u201cgrid\u201d angled_section=\u201cno\u201d text_align=\u201cleft\u201d background_image_as_pattern=\u201cwithout_pattern\u201d z_index=\u201c\u201d][vc_column][vc_empty_space height=\u201c18px\u201d][vc_empty_space height=\u201c18px\u201d][vc_column_inner width=\u201c1\/4\u201d][\/vc_column_inner][vc_column_inner width=\u201c3\/4\u201d][\/vc_column_inner][\/vc_column][\/vc_row][vc_row css_animation=\u201d\u201d row_type=\u201crow\u201d use_row_as_full_screen_section=\u201cno\u201d type=\u201cgrid\u201d angled_section=\u201cno\u201d text_align=\u201cleft\u201d background_image_as_pattern=\u201cwithout_pattern\u201d...","og_url":"https:\/\/www.elke-groeger.de\/selbstfuehrung\/seminare-workshops\/","og_site_name":"Die Expertin f\u00fcr Selbstf\u00fchrung","article_modified_time":"2025-12-26T11:24:56+00:00","twitter_card":"summary_large_image","twitter_misc":{"Gesch\u00e4tzte Lesezeit":"15\u00a0Minuten"},"schema":{"@context":"https:\/\/schema.org","@graph":[{"@type":"WebPage","@id":"https:\/\/www.elke-groeger.de\/selbstfuehrung\/seminare-workshops\/","url":"https:\/\/www.elke-groeger.de\/selbstfuehrung\/seminare-workshops\/","name":"Seminare - Workshops - Die Expertin f\u00fcr Selbstf\u00fchrung","isPartOf":{"@id":"https:\/\/www.elke-groeger.de\/selbstfuehrung\/#website"},"datePublished":"2024-02-05T15:24:13+00:00","dateModified":"2025-12-26T11:24:56+00:00","breadcrumb":{"@id":"https:\/\/www.elke-groeger.de\/selbstfuehrung\/seminare-workshops\/#breadcrumb"},"inLanguage":"de","potentialAction":[{"@type":"ReadAction","target":["https:\/\/www.elke-groeger.de\/selbstfuehrung\/seminare-workshops\/"]}]},{"@type":"BreadcrumbList","@id":"https:\/\/www.elke-groeger.de\/selbstfuehrung\/seminare-workshops\/#breadcrumb","itemListElement":[{"@type":"ListItem","position":1,"name":"Home","item":"https:\/\/www.elke-groeger.de\/selbstfuehrung\/"},{"@type":"ListItem","position":2,"name":"Seminare &#8211; Workshops"}]},{"@type":"WebSite","@id":"https:\/\/www.elke-groeger.de\/selbstfuehrung\/#website","url":"https:\/\/www.elke-groeger.de\/selbstfuehrung\/","name":"Die Expertin f\u00fcr Selbstf\u00fchrung","description":"","potentialAction":[{"@type":"SearchAction","target":{"@type":"EntryPoint","urlTemplate":"https:\/\/www.elke-groeger.de\/selbstfuehrung\/?s={search_term_string}"},"query-input":{"@type":"PropertyValueSpecification","valueRequired":true,"valueName":"search_term_string"}}],"inLanguage":"de"}]}},"_links":{"self":[{"href":"https:\/\/www.elke-groeger.de\/selbstfuehrung\/wp-json\/wp\/v2\/pages\/8342","targetHints":{"allow":["GET"]}}],"collection":[{"href":"https:\/\/www.elke-groeger.de\/selbstfuehrung\/wp-json\/wp\/v2\/pages"}],"about":[{"href":"https:\/\/www.elke-groeger.de\/selbstfuehrung\/wp-json\/wp\/v2\/types\/page"}],"author":[{"embeddable":true,"href":"https:\/\/www.elke-groeger.de\/selbstfuehrung\/wp-json\/wp\/v2\/users\/7"}],"replies":[{"embeddable":true,"href":"https:\/\/www.elke-groeger.de\/selbstfuehrung\/wp-json\/wp\/v2\/comments?post=8342"}],"version-history":[{"count":38,"href":"https:\/\/www.elke-groeger.de\/selbstfuehrung\/wp-json\/wp\/v2\/pages\/8342\/revisions"}],"predecessor-version":[{"id":8582,"href":"https:\/\/www.elke-groeger.de\/selbstfuehrung\/wp-json\/wp\/v2\/pages\/8342\/revisions\/8582"}],"wp:attachment":[{"href":"https:\/\/www.elke-groeger.de\/selbstfuehrung\/wp-json\/wp\/v2\/media?parent=8342"}],"curies":[{"name":"wp","href":"https:\/\/api.w.org\/{rel}","templated":true}]}}