{"id":2173,"date":"2017-02-10T19:46:00","date_gmt":"2017-02-10T18:46:00","guid":{"rendered":"https:\/\/www.elke-groeger.de\/privatkunden\/?page_id=2173"},"modified":"2025-12-31T12:53:16","modified_gmt":"2025-12-31T11:53:16","slug":"kinder-und-jugend-helden","status":"publish","type":"page","link":"https:\/\/www.elke-groeger.de\/privatkunden\/kinder-und-jugend-helden\/","title":{"rendered":"Kinder- und Jugendhelden"},"content":{"rendered":"<div class=\"wpb-content-wrapper\">[vc_row css_animation=&#8220;&#8220; row_type=&#8220;row&#8220; use_row_as_full_screen_section=&#8220;no&#8220; type=&#8220;full_width&#8220; angled_section=&#8220;no&#8220; text_align=&#8220;left&#8220; background_image_as_pattern=&#8220;without_pattern&#8220;][vc_column width=&#8220;1\/3&#8243;][vc_row_inner row_type=&#8220;row&#8220; type=&#8220;full_width&#8220; text_align=&#8220;left&#8220; css_animation=&#8220;&#8220;][vc_column_inner][\/vc_column_inner][\/vc_row_inner][\/vc_column][vc_column width=&#8220;1\/3&#8243;][vc_single_image image=&#8220;4376&#8243; img_size=&#8220;120&#215;120&#8243; alignment=&#8220;center&#8220; style=&#8220;vc_box_outline_circle_2&#8243; border_color=&#8220;mulled_wine&#8220; qode_css_animation=&#8220;&#8220; qode_hover_animation=&#8220;darken&#8220;][vc_empty_space height=&#8220;18px&#8220;][vc_column_text]\n<p style=\"text-align: center;\"><span style=\"font-size: 14pt; color: #e94b21;\"><strong>Was belastet Ihr Kind?<\/strong><\/span><\/p>\n[vc_row css_animation=&#8220;&#8220; row_type=&#8220;row&#8220; use_row_as_full_screen_section=&#8220;no&#8220; type=&#8220;full_width&#8220; angled_section=&#8220;no&#8220; text_align=&#8220;left&#8220; background_image_as_pattern=&#8220;without_pattern&#8220;][vc_column][vc_empty_space height=&#8220;18px&#8220;][vc_empty_space height=&#8220;18px&#8220;][vc_column_text][\/vc_column_text][\/vc_column][vc_column width=&#8220;1\/3&#8243;][\/vc_column][\/vc_row][vc_row css_animation=&#8220;&#8220; row_type=&#8220;row&#8220; use_row_as_full_screen_section=&#8220;no&#8220; type=&#8220;full_width&#8220; angled_section=&#8220;no&#8220; text_align=&#8220;left&#8220; background_image_as_pattern=&#8220;without_pattern&#8220;][vc_column][vc_empty_space height=&#8220;18px&#8220;][vc_separator type=&#8220;normal&#8220; color=&#8220;#e94b21&#8243; thickness=&#8220;1&#8243;][vc_empty_space height=&#8220;18px&#8220;][vc_empty_space height=&#8220;18px&#8220;][vc_empty_space height=&#8220;18px&#8220;][\/vc_column][\/vc_row][vc_row css_animation=&#8220;&#8220; row_type=&#8220;row&#8220; use_row_as_full_screen_section=&#8220;no&#8220; type=&#8220;full_width&#8220; angled_section=&#8220;no&#8220; text_align=&#8220;left&#8220; background_image_as_pattern=&#8220;without_pattern&#8220;][vc_column][vc_column_text]\n<h1 style=\"text-align: left;\"><span style=\"color: #e94b21;\"><strong>Bew\u00e4ltigungsstrategien f\u00fcr Kinder- und JugendHelden<\/strong><\/span><\/h1>\n[\/vc_column_text][vc_empty_space height=&#8220;18px&#8220;][vc_empty_space height=&#8220;18px&#8220;][vc_column_text]\n<p style=\"text-align: justify;\"><span style=\"color: #3e002d;\"><span style=\"font-size: 14pt;\">Die Arbeit mit Kindern und Jugendlichen bedarf einer ganz speziellen Vorgehensweise. Hier gehe ich zum Teil eher spielerisch mit besonderen Ans\u00e4tzen auf die Sorgen und Probleme der jungen Helden ein. Wir schauen unter anderem auch, welche besonderen Herausforderungen die Erziehung in der jeweiligen Entwicklungsstufe an die Eltern stellt.\u00a0<\/span><span style=\"font-size: 14pt;\">Wichtig ist mir dabei, dass auch das famili\u00e4re Umfeld, Sie als Eltern und die Geschwister in die Betrachtung mit einbezogen werden.<\/span><\/span><\/p>\n[\/vc_column_text][vc_empty_space height=&#8220;18px&#8220;][vc_column_text]\n<p style=\"text-align: justify;\"><span style=\"font-size: 14pt; color: #3e002d;\">Wichtig ist auch, die Symptomatik Ihres Kindes im Vorfeld mit einem Kinder- und Jugendarzt zu besprechen. Denn auch k\u00f6rperliche Erkrankungen k\u00f6nnen eine seelische Problematik ausl\u00f6sen.<\/span><\/p>\n[\/vc_column_text][vc_empty_space height=&#8220;18px&#8220;][vc_empty_space height=&#8220;18px&#8220;][\/vc_column][\/vc_row][vc_row css_animation=&#8220;&#8220; row_type=&#8220;row&#8220; use_row_as_full_screen_section=&#8220;no&#8220; type=&#8220;full_width&#8220; angled_section=&#8220;no&#8220; text_align=&#8220;left&#8220; background_image_as_pattern=&#8220;without_pattern&#8220;][vc_column]<div class='q_icon_with_title small normal_icon left_from_title '><div class=\"icon_text_holder\" style=\"\"><div class=\"icon_text_inner\" style=\"\"><div class=\"icon_title_holder\"><div class=\"icon_holder \" style=\" \"><span data-icon-type=\"normal\" class=\"qode_iwt_icon_holder q_font_awsome_icon fa-2x  \"><i class=\"qode_icon_font_awesome fa fa-bullseye qode_iwt_icon_element\" style=\"color: #e94b21\"><\/i><\/span><\/div><h3 class=\"icon_title\" style=\"color: #3e002d;font-weight: 400;\">Hat Ihr Kind oft Kopf- oder Bauchweh?<\/h3><\/div><p style=''><\/p><\/div><\/div><\/div><div class='q_icon_with_title small normal_icon left_from_title '><div class=\"icon_text_holder\" style=\"\"><div class=\"icon_text_inner\" style=\"\"><div class=\"icon_title_holder\"><div class=\"icon_holder \" style=\" \"><span data-icon-type=\"normal\" class=\"qode_iwt_icon_holder q_font_awsome_icon fa-2x  \"><i class=\"qode_icon_font_awesome fa fa-bullseye qode_iwt_icon_element\" style=\"color: #e94b21\"><\/i><\/span><\/div><h3 class=\"icon_title\" style=\"color: #3e002d;font-weight: 400;\">Leidet Ihr Kind unter Lernblockaden, Pr\u00fcfungsangst oder Schulangst?<\/h3><\/div><p style=''><\/p><\/div><\/div><\/div><div class='q_icon_with_title small normal_icon left_from_title '><div class=\"icon_text_holder\" style=\"\"><div class=\"icon_text_inner\" style=\"\"><div class=\"icon_title_holder\"><div class=\"icon_holder \" style=\" \"><span data-icon-type=\"normal\" class=\"qode_iwt_icon_holder q_font_awsome_icon fa-2x  \"><i class=\"qode_icon_font_awesome fa fa-bullseye qode_iwt_icon_element\" style=\"color: #e94b21\"><\/i><\/span><\/div><h3 class=\"icon_title\" style=\"color: #3e002d;font-weight: 400;\">Belasten Ihr Kind traumatische Erlebnisse?<\/h3><\/div><p style=''><\/p><\/div><\/div><\/div><div class='q_icon_with_title small normal_icon left_from_title '><div class=\"icon_text_holder\" style=\"\"><div class=\"icon_text_inner\" style=\"\"><div class=\"icon_title_holder\"><div class=\"icon_holder \" style=\" \"><span data-icon-type=\"normal\" class=\"qode_iwt_icon_holder q_font_awsome_icon fa-2x  \"><i class=\"qode_icon_font_awesome fa fa-bullseye qode_iwt_icon_element\" style=\"color: #e94b21\"><\/i><\/span><\/div><h3 class=\"icon_title\" style=\"color: #3e002d;font-weight: 400;\">Besteht eine Trennungssituation der Eltern, unter der Ihr Kind leidet?<\/h3><\/div><p style=''><\/p><\/div><\/div><\/div>[\/vc_column][\/vc_row][vc_row css_animation=&#8220;&#8220; row_type=&#8220;row&#8220; use_row_as_full_screen_section=&#8220;no&#8220; type=&#8220;full_width&#8220; angled_section=&#8220;no&#8220; text_align=&#8220;left&#8220; background_image_as_pattern=&#8220;without_pattern&#8220;][vc_column][vc_empty_space height=&#8220;18px&#8220;][vc_column_text]\n<div class=\"vc_row wpb_row section vc_row-fluid \">\n<div class=\" full_section_inner clearfix\">\n<div class=\"wpb_column vc_column_container vc_col-sm-9\">\n<div class=\"vc_column-inner\">\n<div class=\"wpb_wrapper\">\n<div class=\"wpb_text_column wpb_content_element \">\n<div class=\"wpb_wrapper\"><\/div>\n<\/div>\n<\/div>\n<\/div>\n<\/div>\n<\/div>\n<\/div>\n<div class=\"vc_row wpb_row section vc_row-fluid \">\n<div class=\" full_section_inner clearfix\">\n<div class=\"wpb_column vc_column_container vc_col-sm-12\">\n<div class=\"vc_column-inner\">\n<div class=\"wpb_wrapper\">\n<div class=\"vc_empty_space\" style=\"text-align: justify;\"><span style=\"font-size: 14pt;\">Sie k\u00f6nnen gar nicht so richtig einsch\u00e4tzen, was Ihrem Kind fehlt? Oder bemerken Sie eine St\u00f6rung des Sozialverhaltens? Ist Ihr Kind sehr aggressiv \u2013 Ihnen oder Dritten gegen\u00fcber? Macht Ihr Kind immer noch ins Bett (Bettn\u00e4ssen)? Auch bei Kindern und Jugendlichen gibt es vielf\u00e4ltige St\u00f6rungsbilder.<\/span><\/div>\n<\/div>\n<\/div>\n<\/div>\n<\/div>\n<\/div>\n[\/vc_column_text][vc_empty_space height=&#8220;18px&#8220;][vc_empty_space height=&#8220;18px&#8220;][vc_column_text]\n<div class=\"vc_row wpb_row section vc_row-fluid \">\n<div class=\" full_section_inner clearfix\">\n<div class=\"wpb_column vc_column_container vc_col-sm-9\">\n<div class=\"vc_column-inner\">\n<div class=\"wpb_wrapper\">\n<div class=\"wpb_text_column wpb_content_element \">\n<div class=\"wpb_wrapper\"><\/div>\n<\/div>\n<\/div>\n<\/div>\n<\/div>\n<\/div>\n<\/div>\n<div class=\"vc_row wpb_row section vc_row-fluid \">\n<div class=\" full_section_inner clearfix\">\n<div class=\"wpb_column vc_column_container vc_col-sm-12\">\n<div class=\"vc_column-inner\">\n<div class=\"vc_empty_space\" style=\"text-align: left;\"><strong style=\"color: #e94b21; font-size: 14pt;\">Ihrem Kind wieder zu mehr Lebensfreude und Balance verhelfen<\/strong><\/div>\n<\/div>\n<\/div>\n<\/div>\n<\/div>\n[\/vc_column_text][vc_empty_space height=&#8220;18px&#8220;][vc_column_text]\n<div class=\"vc_row wpb_row section vc_row-fluid \">\n<div class=\" full_section_inner clearfix\">\n<div class=\"wpb_column vc_column_container vc_col-sm-9\">\n<div class=\"vc_column-inner\">\n<div class=\"wpb_wrapper\">\n<div class=\"wpb_text_column wpb_content_element \">\n<div class=\"wpb_wrapper\"><\/div>\n<\/div>\n<\/div>\n<\/div>\n<\/div>\n<\/div>\n<\/div>\n<div class=\"vc_row wpb_row section vc_row-fluid \">\n<div class=\" full_section_inner clearfix\">\n<div class=\"wpb_column vc_column_container vc_col-sm-12\">\n<div class=\"vc_column-inner\">\n<div class=\"wpb_wrapper\">\n<div class=\"vc_empty_space\" style=\"text-align: justify;\"><span style=\"font-size: 14pt;\">Schildern Sie mir die Symptome und Probleme Ihres Kindes, um Ihnen dann weitere Empfehlungen und L\u00f6sungsm\u00f6glichkeiten aufzuzeigen. <\/span><span style=\"font-size: 14pt;\">Gerne bin ich f\u00fcr Sie und Ihr Kind als Therapeutin und Coach da.<\/span><\/div>\n<\/div>\n<\/div>\n<\/div>\n<\/div>\n<\/div>\n[\/vc_column_text][vc_empty_space height=&#8220;18px&#8220;][vc_empty_space height=&#8220;18px&#8220;][\/vc_column][\/vc_row][vc_row css_animation=&#8220;&#8220; row_type=&#8220;row&#8220; use_row_as_full_screen_section=&#8220;no&#8220; type=&#8220;full_width&#8220; angled_section=&#8220;no&#8220; text_align=&#8220;left&#8220; background_image_as_pattern=&#8220;without_pattern&#8220;][vc_column][vc_column_text css=&#8220;.vc_custom_1766749552182{margin-right: px !important;}&#8220;]\n<p style=\"text-align: justify;\"><span style=\"color: #3e002d; font-size: 14pt;\"><strong>Gerne k\u00f6nnen wir einen Termin f\u00fcr ein kostenfreies Erstgespr\u00e4ch mit Ihnen und Ihrem Kind vereinbaren. Denn das A&amp;O ist, dass Sie und vor allem Ihr Kind Vertrauen zu mir haben. Ich freue mich auf Ihren Anruf unter <a href=\"tel:+4975319184668\">+49 7531 9184668<\/a>.<\/strong><\/span><\/p>\n[\/vc_column_text][\/vc_column][\/vc_row][vc_row css_animation=&#8220;&#8220; row_type=&#8220;row&#8220; use_row_as_full_screen_section=&#8220;no&#8220; type=&#8220;full_width&#8220; angled_section=&#8220;no&#8220; text_align=&#8220;left&#8220; background_image_as_pattern=&#8220;without_pattern&#8220;][vc_column][vc_empty_space height=&#8220;18px&#8220;][vc_empty_space height=&#8220;18px&#8220;][vc_empty_space height=&#8220;18px&#8220;][\/vc_column][\/vc_row][vc_column][\/vc_column][vc_column][\/vc_column][vc_column][\/vc_column][vc_column][\/vc_column]\n<\/div>","protected":false},"excerpt":{"rendered":"<p>[vc_row css_animation=&#8220;&#8220; row_type=&#8220;row&#8220; use_row_as_full_screen_section=&#8220;no&#8220; type=&#8220;full_width&#8220; angled_section=&#8220;no&#8220; text_align=&#8220;left&#8220; background_image_as_pattern=&#8220;without_pattern&#8220;][vc_column width=&#8220;1\/3&#8243;][vc_row_inner row_type=&#8220;row&#8220; type=&#8220;full_width&#8220; text_align=&#8220;left&#8220; css_animation=&#8220;&#8220;][vc_column_inner][\/vc_column_inner][\/vc_row_inner][\/vc_column][vc_column width=&#8220;1\/3&#8243;][vc_single_image image=&#8220;4376&#8243; img_size=&#8220;120&#215;120&#8243; alignment=&#8220;center&#8220; style=&#8220;vc_box_outline_circle_2&#8243; border_color=&#8220;mulled_wine&#8220; qode_css_animation=&#8220;&#8220;&#8230;<\/p>\n","protected":false},"author":2,"featured_media":0,"parent":0,"menu_order":0,"comment_status":"closed","ping_status":"closed","template":"","meta":{"footnotes":""},"class_list":["post-2173","page","type-page","status-publish","hentry"],"yoast_head":"<!-- This site is optimized with the Yoast SEO plugin v27.5 - https:\/\/yoast.com\/product\/yoast-seo-wordpress\/ -->\n<title>Kinder- und Jugendhelden - HeldenWege - Elke Groeger<\/title>\n<meta name=\"robots\" content=\"index, follow, max-snippet:-1, max-image-preview:large, max-video-preview:-1\" \/>\n<link rel=\"canonical\" href=\"https:\/\/www.elke-groeger.de\/privatkunden\/kinder-und-jugend-helden\/\" \/>\n<meta property=\"og:locale\" content=\"de_DE\" \/>\n<meta property=\"og:type\" content=\"article\" \/>\n<meta property=\"og:title\" content=\"Kinder- und Jugendhelden - HeldenWege - Elke Groeger\" \/>\n<meta property=\"og:description\" content=\"[vc_row css_animation=&#8220;&#8220; row_type=&#8220;row&#8220; use_row_as_full_screen_section=&#8220;no&#8220; type=&#8220;full_width&#8220; angled_section=&#8220;no&#8220; text_align=&#8220;left&#8220; background_image_as_pattern=&#8220;without_pattern&#8220;][vc_column width=&#8220;1\/3&#8243;][vc_row_inner row_type=&#8220;row&#8220; type=&#8220;full_width&#8220; text_align=&#8220;left&#8220; css_animation=&#8220;&#8220;][vc_column_inner][\/vc_column_inner][\/vc_row_inner][\/vc_column][vc_column width=&#8220;1\/3&#8243;][vc_single_image image=&#8220;4376&#8243; img_size=&#8220;120&#215;120&#8243; alignment=&#8220;center&#8220; style=&#8220;vc_box_outline_circle_2&#8243; border_color=&#8220;mulled_wine&#8220; qode_css_animation=&#8220;&#8220;...\" \/>\n<meta property=\"og:url\" content=\"https:\/\/www.elke-groeger.de\/privatkunden\/kinder-und-jugend-helden\/\" \/>\n<meta property=\"og:site_name\" content=\"HeldenWege - Elke Groeger\" \/>\n<meta property=\"article:publisher\" content=\"https:\/\/www.facebook.com\/ElkeGroegerStuttgart\/\" \/>\n<meta property=\"article:modified_time\" content=\"2025-12-31T11:53:16+00:00\" \/>\n<meta name=\"twitter:card\" content=\"summary_large_image\" \/>\n<meta name=\"twitter:label1\" content=\"Gesch\u00e4tzte Lesezeit\" \/>\n\t<meta name=\"twitter:data1\" content=\"3\u00a0Minuten\" \/>\n<script type=\"application\/ld+json\" class=\"yoast-schema-graph\">{\"@context\":\"https:\\\/\\\/schema.org\",\"@graph\":[{\"@type\":\"WebPage\",\"@id\":\"https:\\\/\\\/www.elke-groeger.de\\\/privatkunden\\\/kinder-und-jugend-helden\\\/\",\"url\":\"https:\\\/\\\/www.elke-groeger.de\\\/privatkunden\\\/kinder-und-jugend-helden\\\/\",\"name\":\"Kinder- und Jugendhelden - HeldenWege - Elke Groeger\",\"isPartOf\":{\"@id\":\"https:\\\/\\\/www.elke-groeger.de\\\/privatkunden\\\/#website\"},\"datePublished\":\"2017-02-10T18:46:00+00:00\",\"dateModified\":\"2025-12-31T11:53:16+00:00\",\"breadcrumb\":{\"@id\":\"https:\\\/\\\/www.elke-groeger.de\\\/privatkunden\\\/kinder-und-jugend-helden\\\/#breadcrumb\"},\"inLanguage\":\"de\",\"potentialAction\":[{\"@type\":\"ReadAction\",\"target\":[\"https:\\\/\\\/www.elke-groeger.de\\\/privatkunden\\\/kinder-und-jugend-helden\\\/\"]}]},{\"@type\":\"BreadcrumbList\",\"@id\":\"https:\\\/\\\/www.elke-groeger.de\\\/privatkunden\\\/kinder-und-jugend-helden\\\/#breadcrumb\",\"itemListElement\":[{\"@type\":\"ListItem\",\"position\":1,\"name\":\"Home\",\"item\":\"https:\\\/\\\/www.elke-groeger.de\\\/privatkunden\\\/\"},{\"@type\":\"ListItem\",\"position\":2,\"name\":\"Kinder- und Jugendhelden\"}]},{\"@type\":\"WebSite\",\"@id\":\"https:\\\/\\\/www.elke-groeger.de\\\/privatkunden\\\/#website\",\"url\":\"https:\\\/\\\/www.elke-groeger.de\\\/privatkunden\\\/\",\"name\":\"HeldenWege - Elke Groeger\",\"description\":\"Bewusstsein f\u00f6rdern, Potenziale entfalten\",\"publisher\":{\"@id\":\"https:\\\/\\\/www.elke-groeger.de\\\/privatkunden\\\/#organization\"},\"potentialAction\":[{\"@type\":\"SearchAction\",\"target\":{\"@type\":\"EntryPoint\",\"urlTemplate\":\"https:\\\/\\\/www.elke-groeger.de\\\/privatkunden\\\/?s={search_term_string}\"},\"query-input\":{\"@type\":\"PropertyValueSpecification\",\"valueRequired\":true,\"valueName\":\"search_term_string\"}}],\"inLanguage\":\"de\"},{\"@type\":\"Organization\",\"@id\":\"https:\\\/\\\/www.elke-groeger.de\\\/privatkunden\\\/#organization\",\"name\":\"Elke Groeger - Heilpraktikerin (Psychotherapie), Personal Coach\",\"url\":\"https:\\\/\\\/www.elke-groeger.de\\\/privatkunden\\\/\",\"logo\":{\"@type\":\"ImageObject\",\"inLanguage\":\"de\",\"@id\":\"https:\\\/\\\/www.elke-groeger.de\\\/privatkunden\\\/#\\\/schema\\\/logo\\\/image\\\/\",\"url\":\"https:\\\/\\\/www.elke-groeger.de\\\/privatkunden\\\/wp-content\\\/uploads\\\/2017\\\/11\\\/Elke-Groeger-Psychotherapie-Stuttgart.png\",\"contentUrl\":\"https:\\\/\\\/www.elke-groeger.de\\\/privatkunden\\\/wp-content\\\/uploads\\\/2017\\\/11\\\/Elke-Groeger-Psychotherapie-Stuttgart.png\",\"width\":502,\"height\":140,\"caption\":\"Elke Groeger - Heilpraktikerin (Psychotherapie), Personal Coach\"},\"image\":{\"@id\":\"https:\\\/\\\/www.elke-groeger.de\\\/privatkunden\\\/#\\\/schema\\\/logo\\\/image\\\/\"},\"sameAs\":[\"https:\\\/\\\/www.facebook.com\\\/ElkeGroegerStuttgart\\\/\"]}]}<\/script>\n<!-- \/ Yoast SEO plugin. -->","yoast_head_json":{"title":"Kinder- und Jugendhelden - HeldenWege - Elke Groeger","robots":{"index":"index","follow":"follow","max-snippet":"max-snippet:-1","max-image-preview":"max-image-preview:large","max-video-preview":"max-video-preview:-1"},"canonical":"https:\/\/www.elke-groeger.de\/privatkunden\/kinder-und-jugend-helden\/","og_locale":"de_DE","og_type":"article","og_title":"Kinder- und Jugendhelden - HeldenWege - Elke Groeger","og_description":"[vc_row css_animation=&#8220;&#8220; row_type=&#8220;row&#8220; use_row_as_full_screen_section=&#8220;no&#8220; type=&#8220;full_width&#8220; angled_section=&#8220;no&#8220; text_align=&#8220;left&#8220; background_image_as_pattern=&#8220;without_pattern&#8220;][vc_column width=&#8220;1\/3&#8243;][vc_row_inner row_type=&#8220;row&#8220; type=&#8220;full_width&#8220; text_align=&#8220;left&#8220; css_animation=&#8220;&#8220;][vc_column_inner][\/vc_column_inner][\/vc_row_inner][\/vc_column][vc_column width=&#8220;1\/3&#8243;][vc_single_image image=&#8220;4376&#8243; img_size=&#8220;120&#215;120&#8243; alignment=&#8220;center&#8220; style=&#8220;vc_box_outline_circle_2&#8243; border_color=&#8220;mulled_wine&#8220; qode_css_animation=&#8220;&#8220;...","og_url":"https:\/\/www.elke-groeger.de\/privatkunden\/kinder-und-jugend-helden\/","og_site_name":"HeldenWege - Elke Groeger","article_publisher":"https:\/\/www.facebook.com\/ElkeGroegerStuttgart\/","article_modified_time":"2025-12-31T11:53:16+00:00","twitter_card":"summary_large_image","twitter_misc":{"Gesch\u00e4tzte Lesezeit":"3\u00a0Minuten"},"schema":{"@context":"https:\/\/schema.org","@graph":[{"@type":"WebPage","@id":"https:\/\/www.elke-groeger.de\/privatkunden\/kinder-und-jugend-helden\/","url":"https:\/\/www.elke-groeger.de\/privatkunden\/kinder-und-jugend-helden\/","name":"Kinder- und Jugendhelden - HeldenWege - Elke Groeger","isPartOf":{"@id":"https:\/\/www.elke-groeger.de\/privatkunden\/#website"},"datePublished":"2017-02-10T18:46:00+00:00","dateModified":"2025-12-31T11:53:16+00:00","breadcrumb":{"@id":"https:\/\/www.elke-groeger.de\/privatkunden\/kinder-und-jugend-helden\/#breadcrumb"},"inLanguage":"de","potentialAction":[{"@type":"ReadAction","target":["https:\/\/www.elke-groeger.de\/privatkunden\/kinder-und-jugend-helden\/"]}]},{"@type":"BreadcrumbList","@id":"https:\/\/www.elke-groeger.de\/privatkunden\/kinder-und-jugend-helden\/#breadcrumb","itemListElement":[{"@type":"ListItem","position":1,"name":"Home","item":"https:\/\/www.elke-groeger.de\/privatkunden\/"},{"@type":"ListItem","position":2,"name":"Kinder- und Jugendhelden"}]},{"@type":"WebSite","@id":"https:\/\/www.elke-groeger.de\/privatkunden\/#website","url":"https:\/\/www.elke-groeger.de\/privatkunden\/","name":"HeldenWege - Elke Groeger","description":"Bewusstsein f\u00f6rdern, Potenziale entfalten","publisher":{"@id":"https:\/\/www.elke-groeger.de\/privatkunden\/#organization"},"potentialAction":[{"@type":"SearchAction","target":{"@type":"EntryPoint","urlTemplate":"https:\/\/www.elke-groeger.de\/privatkunden\/?s={search_term_string}"},"query-input":{"@type":"PropertyValueSpecification","valueRequired":true,"valueName":"search_term_string"}}],"inLanguage":"de"},{"@type":"Organization","@id":"https:\/\/www.elke-groeger.de\/privatkunden\/#organization","name":"Elke Groeger - Heilpraktikerin (Psychotherapie), Personal Coach","url":"https:\/\/www.elke-groeger.de\/privatkunden\/","logo":{"@type":"ImageObject","inLanguage":"de","@id":"https:\/\/www.elke-groeger.de\/privatkunden\/#\/schema\/logo\/image\/","url":"https:\/\/www.elke-groeger.de\/privatkunden\/wp-content\/uploads\/2017\/11\/Elke-Groeger-Psychotherapie-Stuttgart.png","contentUrl":"https:\/\/www.elke-groeger.de\/privatkunden\/wp-content\/uploads\/2017\/11\/Elke-Groeger-Psychotherapie-Stuttgart.png","width":502,"height":140,"caption":"Elke Groeger - Heilpraktikerin (Psychotherapie), Personal Coach"},"image":{"@id":"https:\/\/www.elke-groeger.de\/privatkunden\/#\/schema\/logo\/image\/"},"sameAs":["https:\/\/www.facebook.com\/ElkeGroegerStuttgart\/"]}]}},"_links":{"self":[{"href":"https:\/\/www.elke-groeger.de\/privatkunden\/wp-json\/wp\/v2\/pages\/2173","targetHints":{"allow":["GET"]}}],"collection":[{"href":"https:\/\/www.elke-groeger.de\/privatkunden\/wp-json\/wp\/v2\/pages"}],"about":[{"href":"https:\/\/www.elke-groeger.de\/privatkunden\/wp-json\/wp\/v2\/types\/page"}],"author":[{"embeddable":true,"href":"https:\/\/www.elke-groeger.de\/privatkunden\/wp-json\/wp\/v2\/users\/2"}],"replies":[{"embeddable":true,"href":"https:\/\/www.elke-groeger.de\/privatkunden\/wp-json\/wp\/v2\/comments?post=2173"}],"version-history":[{"count":15,"href":"https:\/\/www.elke-groeger.de\/privatkunden\/wp-json\/wp\/v2\/pages\/2173\/revisions"}],"predecessor-version":[{"id":6703,"href":"https:\/\/www.elke-groeger.de\/privatkunden\/wp-json\/wp\/v2\/pages\/2173\/revisions\/6703"}],"wp:attachment":[{"href":"https:\/\/www.elke-groeger.de\/privatkunden\/wp-json\/wp\/v2\/media?parent=2173"}],"curies":[{"name":"wp","href":"https:\/\/api.w.org\/{rel}","templated":true}]}}