{"id":1988,"date":"2017-02-08T17:38:45","date_gmt":"2017-02-08T16:38:45","guid":{"rendered":"https:\/\/www.elke-groeger.de\/privatkunden\/?page_id=1988"},"modified":"2026-01-02T11:25:38","modified_gmt":"2026-01-02T10:25:38","slug":"beziehungskonflikte","status":"publish","type":"page","link":"https:\/\/www.elke-groeger.de\/privatkunden\/beziehungskonflikte\/","title":{"rendered":"Konflikte"},"content":{"rendered":"<div class=\"wpb-content-wrapper\">[vc_row css_animation=&#8220;&#8220; row_type=&#8220;row&#8220; use_row_as_full_screen_section=&#8220;no&#8220; type=&#8220;full_width&#8220; angled_section=&#8220;no&#8220; text_align=&#8220;left&#8220; background_image_as_pattern=&#8220;without_pattern&#8220;][vc_column][vc_empty_space height=&#8220;18px&#8220;][vc_empty_space height=&#8220;18px&#8220;][\/vc_column][\/vc_row][vc_row css_animation=&#8220;&#8220; row_type=&#8220;row&#8220; use_row_as_full_screen_section=&#8220;no&#8220; type=&#8220;full_width&#8220; angled_section=&#8220;no&#8220; text_align=&#8220;left&#8220; background_image_as_pattern=&#8220;without_pattern&#8220;][vc_column width=&#8220;1\/4&#8243;][vc_single_image image=&#8220;4547&#8243; img_size=&#8220;full&#8220; style=&#8220;vc_box_border_circle&#8220; qode_css_animation=&#8220;&#8220;][\/vc_column][vc_column width=&#8220;3\/4&#8243;][vc_empty_space height=&#8220;18px&#8220;][vc_empty_space height=&#8220;18px&#8220;][vc_column_text]\n<p style=\"text-align: justify;\"><span style=\"font-size: 14pt; color: #3e002d;\">Konflikte gibt es immer wieder und \u00fcberall \u2013 am Arbeitsplatz, in der Beziehung, zwischen Freunden &#8230; F\u00fcr die meisten von uns ist ein Konflikt eher etwas Unangenehmes. Mal kochen die Emotionen hoch: Wut, lautstarke Auseinandersetzungen, Beleidigungen und Vorw\u00fcrfe. Doch auch Zur\u00fcckweisung, Verachtung oder strafende Nichtachtung sind keine Seltenheit. Muss das sein?<\/span><\/p>\n[\/vc_column_text][\/vc_column][\/vc_row][vc_row css_animation=&#8220;&#8220; row_type=&#8220;row&#8220; use_row_as_full_screen_section=&#8220;no&#8220; type=&#8220;full_width&#8220; angled_section=&#8220;no&#8220; text_align=&#8220;left&#8220; background_image_as_pattern=&#8220;without_pattern&#8220;][vc_column][vc_empty_space height=&#8220;18px&#8220;][vc_empty_space height=&#8220;18px&#8220;][vc_empty_space height=&#8220;18px&#8220;][vc_column_text css=&#8220;&#8220;]\n<h1><span style=\"font-size: 18pt; color: #e94b21;\"><strong>Konflikte heldenhaft meistern<\/strong><\/span><\/h1>\n[\/vc_column_text][vc_empty_space height=&#8220;18px&#8220;][vc_empty_space height=&#8220;18px&#8220;][vc_column_text]\n<div class=\"wpb_text_column wpb_content_element \">\n<div class=\"wpb_wrapper\">\n<p style=\"text-align: justify;\"><span style=\"font-size: 14pt; color: #3e002d;\">Mir ist es wichtig, dass wir Ihren Standpunkt und den Ihres Konfliktgegen\u00fcbers objektiv und konstruktiv beleuchten. Das hei\u00dft, das eigene Verhalten und das des Streitpartners zu reflektieren. Hierf\u00fcr gibt es verschiedene Ansatzpunkte. Auch Gr\u00fcnde, einen Konflikt lieber zu vermeiden, gibt es viele. Doch das ist nicht der heldenhafte Weg. Denn es gibt viele Ursachen, warum es zum Konflikt kommt. <\/span><\/p>\n<\/div>\n<\/div>\n[\/vc_column_text][vc_empty_space height=&#8220;18px&#8220;][vc_column_text]\n<div class=\"wpb_text_column wpb_content_element \">\n<div class=\"wpb_wrapper\">\n<p style=\"text-align: justify;\"><span style=\"font-size: 14pt; color: #3e002d;\">Welche nicht erf\u00fcllten W\u00fcnsche, Bed\u00fcrfnisse, aber auch welche Glaubenss\u00e4tze dahinter liegen, m\u00f6chte ich mit Ihnen gemeinsam analysieren, damit Sie beim n\u00e4chsten Konflikt gewappnet sind und wie ein erwachsener Mensch kommunizieren und sich entsprechend verhalten. Denn oftmals ist es so, dass bei einem Konflikt zwei verletzte Kinder miteinander streiten oder schmollen und trotzen. Hierf\u00fcr ist auf jeden Fall Ihre Ehrlichkeit sich selbst gegen\u00fcber erforderlich und auch der Mut f\u00fcr eine Ver\u00e4nderung.<\/span><\/p>\n<\/div>\n<\/div>\n<div class=\"wpb_text_column wpb_content_element \"><\/div>\n<div class=\"wpb_text_column wpb_content_element \"><\/div>\n[\/vc_column_text][vc_empty_space height=&#8220;18px&#8220;][vc_column_text]\n<div class=\"wpb_text_column wpb_content_element \">\n<div class=\"wpb_wrapper\">\n<p style=\"text-align: justify;\"><span style=\"font-size: 18.6667px; color: #3e002d;\"><strong>Gerne bin ich f\u00fcr Sie da, damit Sie zuk\u00fcnftig Konflikte besser bew\u00e4ltigen. Oder Sie nutzen mit Ihrem Partner, Ihrer Partnerin mein Angebot f\u00fcr eine Paartherapie.<\/strong><\/span><\/p>\n<\/div>\n<\/div>\n[\/vc_column_text][vc_empty_space height=&#8220;18px&#8220;][vc_column_text css=&#8220;&#8220;]\n<div class=\"wpb_text_column wpb_content_element \">\n<div class=\"wpb_wrapper\">\n<p style=\"text-align: justify;\"><span style=\"font-size: 18.6667px; color: #3e002d;\"><strong>Sprechen Sie mich an unter Tel.<\/strong> <strong><a href=\"tel:+4975319184668\">+49 <span style=\"color: #3e002d; font-size: 14pt;\"><strong>7531 9184668<\/strong><\/span><\/a>.<\/strong><\/span><\/p>\n<\/div>\n<\/div>\n[\/vc_column_text][vc_empty_space height=&#8220;18px&#8220;][vc_empty_space height=&#8220;18px&#8220;][vc_separator type=&#8220;normal&#8220; color=&#8220;#e94b21&#8243; thickness=&#8220;1&#8243;][\/vc_column][\/vc_row][vc_row css_animation=&#8220;&#8220; row_type=&#8220;row&#8220; use_row_as_full_screen_section=&#8220;no&#8220; type=&#8220;full_width&#8220; angled_section=&#8220;no&#8220; text_align=&#8220;left&#8220; background_image_as_pattern=&#8220;without_pattern&#8220;][vc_column][vc_empty_space height=&#8220;18px&#8220;][vc_empty_space height=&#8220;18px&#8220;][vc_empty_space height=&#8220;18px&#8220;][\/vc_column][\/vc_row][vc_row css_animation=&#8220;&#8220; row_type=&#8220;row&#8220; use_row_as_full_screen_section=&#8220;no&#8220; type=&#8220;full_width&#8220; angled_section=&#8220;no&#8220; text_align=&#8220;left&#8220; background_image_as_pattern=&#8220;without_pattern&#8220;][vc_column][vc_column_text css=&#8220;&#8220;]<span style=\"font-size: 18pt; color: #e94b21;\"><strong>Meine Buchempfehlung zu diesem Thema:<\/strong><\/span>[\/vc_column_text][vc_empty_space height=&#8220;18px&#8220;][vc_empty_space height=&#8220;18px&#8220;][vc_empty_space height=&#8220;18px&#8220;][\/vc_column][\/vc_row][vc_row css_animation=&#8220;&#8220; row_type=&#8220;row&#8220; use_row_as_full_screen_section=&#8220;no&#8220; type=&#8220;full_width&#8220; angled_section=&#8220;no&#8220; text_align=&#8220;left&#8220; background_image_as_pattern=&#8220;without_pattern&#8220;][vc_column width=&#8220;1\/4&#8243;][vc_single_image image=&#8220;6258&#8243; img_size=&#8220;medium&#8220; css=&#8220;&#8220; qode_css_animation=&#8220;&#8220;][\/vc_column][vc_column width=&#8220;3\/4&#8243;][vc_column_text css=&#8220;&#8220;]<span style=\"font-size: 14pt;\">Ursula Wawrzinek<\/span><\/p>\n<h3><strong><span style=\"font-size: 14pt;\">Vom Umgang mit sturen Eseln und beleidigten Leberw\u00fcrsten<\/span><\/strong><\/h3>\n<p>&nbsp;<\/p>\n<p><span style=\"font-size: 14pt;\">Wie Sie Konflikte kreativ l\u00f6sen <\/span>[\/vc_column_text][vc_empty_space height=&#8220;18px&#8220;][vc_empty_space height=&#8220;18px&#8220;][vc_empty_space height=&#8220;18px&#8220;][vc_column_text css=&#8220;&#8220;]<span style=\"font-size: 14pt;\"><strong>Weitere Informationen und Buchbestellung<\/strong><\/span>[\/vc_column_text][vc_empty_space height=&#8220;18px&#8220;]<a  itemprop=\"url\" href=\"https:\/\/www.klett-cotta.de\/produkt\/ursula-wawrzinek-vom-umgang-mit-sturen-eseln-und-beleidigten-leberwuersten-9783608860320-t-2988#\" target=\"_blank\"  class=\"qbutton  medium default\" style=\"font-style: normal; font-weight: 700; font-family: Georgia; text-transform: none; font-size: 16px; \">Direkt zum Verlag<\/a>[\/vc_column][\/vc_row][vc_column][\/vc_column][vc_row css_animation=&#8220;&#8220; row_type=&#8220;row&#8220; use_row_as_full_screen_section=&#8220;no&#8220; type=&#8220;full_width&#8220; angled_section=&#8220;no&#8220; text_align=&#8220;left&#8220; background_image_as_pattern=&#8220;without_pattern&#8220;][vc_column][vc_empty_space][\/vc_column][\/vc_row]\n<\/div>","protected":false},"excerpt":{"rendered":"<p>[vc_row css_animation=&#8220;&#8220; row_type=&#8220;row&#8220; use_row_as_full_screen_section=&#8220;no&#8220; type=&#8220;full_width&#8220; angled_section=&#8220;no&#8220; text_align=&#8220;left&#8220; background_image_as_pattern=&#8220;without_pattern&#8220;][vc_column][vc_empty_space height=&#8220;18px&#8220;][vc_empty_space height=&#8220;18px&#8220;][\/vc_column][\/vc_row][vc_row css_animation=&#8220;&#8220; row_type=&#8220;row&#8220; use_row_as_full_screen_section=&#8220;no&#8220; type=&#8220;full_width&#8220; angled_section=&#8220;no&#8220; text_align=&#8220;left&#8220; background_image_as_pattern=&#8220;without_pattern&#8220;][vc_column width=&#8220;1\/4&#8243;][vc_single_image image=&#8220;4547&#8243; img_size=&#8220;full&#8220;&#8230;<\/p>\n","protected":false},"author":2,"featured_media":0,"parent":0,"menu_order":0,"comment_status":"closed","ping_status":"closed","template":"","meta":{"footnotes":""},"class_list":["post-1988","page","type-page","status-publish","hentry"],"yoast_head":"<!-- This site is optimized with the Yoast SEO plugin v27.4 - https:\/\/yoast.com\/product\/yoast-seo-wordpress\/ -->\n<title>Konflikte - HeldenWege - Elke Groeger<\/title>\n<meta name=\"robots\" content=\"index, follow, max-snippet:-1, max-image-preview:large, max-video-preview:-1\" \/>\n<link rel=\"canonical\" href=\"https:\/\/www.elke-groeger.de\/privatkunden\/beziehungskonflikte\/\" \/>\n<meta property=\"og:locale\" content=\"de_DE\" \/>\n<meta property=\"og:type\" content=\"article\" \/>\n<meta property=\"og:title\" content=\"Konflikte - HeldenWege - Elke Groeger\" \/>\n<meta property=\"og:description\" content=\"[vc_row css_animation=&#8220;&#8220; row_type=&#8220;row&#8220; use_row_as_full_screen_section=&#8220;no&#8220; type=&#8220;full_width&#8220; angled_section=&#8220;no&#8220; text_align=&#8220;left&#8220; background_image_as_pattern=&#8220;without_pattern&#8220;][vc_column][vc_empty_space height=&#8220;18px&#8220;][vc_empty_space height=&#8220;18px&#8220;][\/vc_column][\/vc_row][vc_row css_animation=&#8220;&#8220; row_type=&#8220;row&#8220; use_row_as_full_screen_section=&#8220;no&#8220; type=&#8220;full_width&#8220; angled_section=&#8220;no&#8220; text_align=&#8220;left&#8220; background_image_as_pattern=&#8220;without_pattern&#8220;][vc_column width=&#8220;1\/4&#8243;][vc_single_image image=&#8220;4547&#8243; img_size=&#8220;full&#8220;...\" \/>\n<meta property=\"og:url\" content=\"https:\/\/www.elke-groeger.de\/privatkunden\/beziehungskonflikte\/\" \/>\n<meta property=\"og:site_name\" content=\"HeldenWege - Elke Groeger\" \/>\n<meta property=\"article:publisher\" content=\"https:\/\/www.facebook.com\/ElkeGroegerStuttgart\/\" \/>\n<meta property=\"article:modified_time\" content=\"2026-01-02T10:25:38+00:00\" \/>\n<meta name=\"twitter:card\" content=\"summary_large_image\" \/>\n<meta name=\"twitter:label1\" content=\"Gesch\u00e4tzte Lesezeit\" \/>\n\t<meta name=\"twitter:data1\" content=\"3\u00a0Minuten\" \/>\n<script type=\"application\/ld+json\" class=\"yoast-schema-graph\">{\"@context\":\"https:\\\/\\\/schema.org\",\"@graph\":[{\"@type\":\"WebPage\",\"@id\":\"https:\\\/\\\/www.elke-groeger.de\\\/privatkunden\\\/beziehungskonflikte\\\/\",\"url\":\"https:\\\/\\\/www.elke-groeger.de\\\/privatkunden\\\/beziehungskonflikte\\\/\",\"name\":\"Konflikte - HeldenWege - Elke Groeger\",\"isPartOf\":{\"@id\":\"https:\\\/\\\/www.elke-groeger.de\\\/privatkunden\\\/#website\"},\"datePublished\":\"2017-02-08T16:38:45+00:00\",\"dateModified\":\"2026-01-02T10:25:38+00:00\",\"breadcrumb\":{\"@id\":\"https:\\\/\\\/www.elke-groeger.de\\\/privatkunden\\\/beziehungskonflikte\\\/#breadcrumb\"},\"inLanguage\":\"de\",\"potentialAction\":[{\"@type\":\"ReadAction\",\"target\":[\"https:\\\/\\\/www.elke-groeger.de\\\/privatkunden\\\/beziehungskonflikte\\\/\"]}]},{\"@type\":\"BreadcrumbList\",\"@id\":\"https:\\\/\\\/www.elke-groeger.de\\\/privatkunden\\\/beziehungskonflikte\\\/#breadcrumb\",\"itemListElement\":[{\"@type\":\"ListItem\",\"position\":1,\"name\":\"Home\",\"item\":\"https:\\\/\\\/www.elke-groeger.de\\\/privatkunden\\\/\"},{\"@type\":\"ListItem\",\"position\":2,\"name\":\"Konflikte\"}]},{\"@type\":\"WebSite\",\"@id\":\"https:\\\/\\\/www.elke-groeger.de\\\/privatkunden\\\/#website\",\"url\":\"https:\\\/\\\/www.elke-groeger.de\\\/privatkunden\\\/\",\"name\":\"HeldenWege - Elke Groeger\",\"description\":\"Bewusstsein f\u00f6rdern, Potenziale entfalten\",\"publisher\":{\"@id\":\"https:\\\/\\\/www.elke-groeger.de\\\/privatkunden\\\/#organization\"},\"potentialAction\":[{\"@type\":\"SearchAction\",\"target\":{\"@type\":\"EntryPoint\",\"urlTemplate\":\"https:\\\/\\\/www.elke-groeger.de\\\/privatkunden\\\/?s={search_term_string}\"},\"query-input\":{\"@type\":\"PropertyValueSpecification\",\"valueRequired\":true,\"valueName\":\"search_term_string\"}}],\"inLanguage\":\"de\"},{\"@type\":\"Organization\",\"@id\":\"https:\\\/\\\/www.elke-groeger.de\\\/privatkunden\\\/#organization\",\"name\":\"Elke Groeger - Heilpraktikerin (Psychotherapie), Personal Coach\",\"url\":\"https:\\\/\\\/www.elke-groeger.de\\\/privatkunden\\\/\",\"logo\":{\"@type\":\"ImageObject\",\"inLanguage\":\"de\",\"@id\":\"https:\\\/\\\/www.elke-groeger.de\\\/privatkunden\\\/#\\\/schema\\\/logo\\\/image\\\/\",\"url\":\"https:\\\/\\\/www.elke-groeger.de\\\/privatkunden\\\/wp-content\\\/uploads\\\/2017\\\/11\\\/Elke-Groeger-Psychotherapie-Stuttgart.png\",\"contentUrl\":\"https:\\\/\\\/www.elke-groeger.de\\\/privatkunden\\\/wp-content\\\/uploads\\\/2017\\\/11\\\/Elke-Groeger-Psychotherapie-Stuttgart.png\",\"width\":502,\"height\":140,\"caption\":\"Elke Groeger - Heilpraktikerin (Psychotherapie), Personal Coach\"},\"image\":{\"@id\":\"https:\\\/\\\/www.elke-groeger.de\\\/privatkunden\\\/#\\\/schema\\\/logo\\\/image\\\/\"},\"sameAs\":[\"https:\\\/\\\/www.facebook.com\\\/ElkeGroegerStuttgart\\\/\"]}]}<\/script>\n<!-- \/ Yoast SEO plugin. -->","yoast_head_json":{"title":"Konflikte - HeldenWege - Elke Groeger","robots":{"index":"index","follow":"follow","max-snippet":"max-snippet:-1","max-image-preview":"max-image-preview:large","max-video-preview":"max-video-preview:-1"},"canonical":"https:\/\/www.elke-groeger.de\/privatkunden\/beziehungskonflikte\/","og_locale":"de_DE","og_type":"article","og_title":"Konflikte - HeldenWege - Elke Groeger","og_description":"[vc_row css_animation=&#8220;&#8220; row_type=&#8220;row&#8220; use_row_as_full_screen_section=&#8220;no&#8220; type=&#8220;full_width&#8220; angled_section=&#8220;no&#8220; text_align=&#8220;left&#8220; background_image_as_pattern=&#8220;without_pattern&#8220;][vc_column][vc_empty_space height=&#8220;18px&#8220;][vc_empty_space height=&#8220;18px&#8220;][\/vc_column][\/vc_row][vc_row css_animation=&#8220;&#8220; row_type=&#8220;row&#8220; use_row_as_full_screen_section=&#8220;no&#8220; type=&#8220;full_width&#8220; angled_section=&#8220;no&#8220; text_align=&#8220;left&#8220; background_image_as_pattern=&#8220;without_pattern&#8220;][vc_column width=&#8220;1\/4&#8243;][vc_single_image image=&#8220;4547&#8243; img_size=&#8220;full&#8220;...","og_url":"https:\/\/www.elke-groeger.de\/privatkunden\/beziehungskonflikte\/","og_site_name":"HeldenWege - Elke Groeger","article_publisher":"https:\/\/www.facebook.com\/ElkeGroegerStuttgart\/","article_modified_time":"2026-01-02T10:25:38+00:00","twitter_card":"summary_large_image","twitter_misc":{"Gesch\u00e4tzte Lesezeit":"3\u00a0Minuten"},"schema":{"@context":"https:\/\/schema.org","@graph":[{"@type":"WebPage","@id":"https:\/\/www.elke-groeger.de\/privatkunden\/beziehungskonflikte\/","url":"https:\/\/www.elke-groeger.de\/privatkunden\/beziehungskonflikte\/","name":"Konflikte - HeldenWege - Elke Groeger","isPartOf":{"@id":"https:\/\/www.elke-groeger.de\/privatkunden\/#website"},"datePublished":"2017-02-08T16:38:45+00:00","dateModified":"2026-01-02T10:25:38+00:00","breadcrumb":{"@id":"https:\/\/www.elke-groeger.de\/privatkunden\/beziehungskonflikte\/#breadcrumb"},"inLanguage":"de","potentialAction":[{"@type":"ReadAction","target":["https:\/\/www.elke-groeger.de\/privatkunden\/beziehungskonflikte\/"]}]},{"@type":"BreadcrumbList","@id":"https:\/\/www.elke-groeger.de\/privatkunden\/beziehungskonflikte\/#breadcrumb","itemListElement":[{"@type":"ListItem","position":1,"name":"Home","item":"https:\/\/www.elke-groeger.de\/privatkunden\/"},{"@type":"ListItem","position":2,"name":"Konflikte"}]},{"@type":"WebSite","@id":"https:\/\/www.elke-groeger.de\/privatkunden\/#website","url":"https:\/\/www.elke-groeger.de\/privatkunden\/","name":"HeldenWege - Elke Groeger","description":"Bewusstsein f\u00f6rdern, Potenziale entfalten","publisher":{"@id":"https:\/\/www.elke-groeger.de\/privatkunden\/#organization"},"potentialAction":[{"@type":"SearchAction","target":{"@type":"EntryPoint","urlTemplate":"https:\/\/www.elke-groeger.de\/privatkunden\/?s={search_term_string}"},"query-input":{"@type":"PropertyValueSpecification","valueRequired":true,"valueName":"search_term_string"}}],"inLanguage":"de"},{"@type":"Organization","@id":"https:\/\/www.elke-groeger.de\/privatkunden\/#organization","name":"Elke Groeger - Heilpraktikerin (Psychotherapie), Personal Coach","url":"https:\/\/www.elke-groeger.de\/privatkunden\/","logo":{"@type":"ImageObject","inLanguage":"de","@id":"https:\/\/www.elke-groeger.de\/privatkunden\/#\/schema\/logo\/image\/","url":"https:\/\/www.elke-groeger.de\/privatkunden\/wp-content\/uploads\/2017\/11\/Elke-Groeger-Psychotherapie-Stuttgart.png","contentUrl":"https:\/\/www.elke-groeger.de\/privatkunden\/wp-content\/uploads\/2017\/11\/Elke-Groeger-Psychotherapie-Stuttgart.png","width":502,"height":140,"caption":"Elke Groeger - Heilpraktikerin (Psychotherapie), Personal Coach"},"image":{"@id":"https:\/\/www.elke-groeger.de\/privatkunden\/#\/schema\/logo\/image\/"},"sameAs":["https:\/\/www.facebook.com\/ElkeGroegerStuttgart\/"]}]}},"_links":{"self":[{"href":"https:\/\/www.elke-groeger.de\/privatkunden\/wp-json\/wp\/v2\/pages\/1988","targetHints":{"allow":["GET"]}}],"collection":[{"href":"https:\/\/www.elke-groeger.de\/privatkunden\/wp-json\/wp\/v2\/pages"}],"about":[{"href":"https:\/\/www.elke-groeger.de\/privatkunden\/wp-json\/wp\/v2\/types\/page"}],"author":[{"embeddable":true,"href":"https:\/\/www.elke-groeger.de\/privatkunden\/wp-json\/wp\/v2\/users\/2"}],"replies":[{"embeddable":true,"href":"https:\/\/www.elke-groeger.de\/privatkunden\/wp-json\/wp\/v2\/comments?post=1988"}],"version-history":[{"count":19,"href":"https:\/\/www.elke-groeger.de\/privatkunden\/wp-json\/wp\/v2\/pages\/1988\/revisions"}],"predecessor-version":[{"id":6720,"href":"https:\/\/www.elke-groeger.de\/privatkunden\/wp-json\/wp\/v2\/pages\/1988\/revisions\/6720"}],"wp:attachment":[{"href":"https:\/\/www.elke-groeger.de\/privatkunden\/wp-json\/wp\/v2\/media?parent=1988"}],"curies":[{"name":"wp","href":"https:\/\/api.w.org\/{rel}","templated":true}]}}